{"id":922,"date":"2018-02-13T16:11:36","date_gmt":"2018-02-13T15:11:36","guid":{"rendered":"https:\/\/www.elbenwald.de\/Festival\/?page_id=922"},"modified":"2026-04-29T09:03:03","modified_gmt":"2026-04-29T07:03:03","slug":"elbenwald-store","status":"publish","type":"page","link":"https:\/\/www.elbenwald.de\/Festival\/line-up\/elbenwald-store\/","title":{"rendered":"Elbenwald Store"},"content":{"rendered":"<h2>Elbenwald Store<\/h2>\n<figure id=\"attachment_6544\" aria-describedby=\"caption-attachment-6544\" style=\"width: 500px\" class=\"wp-caption alignright\"><img loading=\"lazy\" decoding=\"async\" class=\"wp-image-6544\" title=\"Elbenwald Store, Foto: Kirsten Otto\" src=\"https:\/\/www.elbenwald.de\/Festival\/wp-content\/uploads\/EWF22_Tim_Gross_Atmo_Gelaende_Freitag_9_768_768-300x300.jpg\" alt=\"\" width=\"500\" height=\"500\" srcset=\"https:\/\/www.elbenwald.de\/Festival\/wp-content\/uploads\/EWF22_Tim_Gross_Atmo_Gelaende_Freitag_9_768_768-300x300.jpg 300w, https:\/\/www.elbenwald.de\/Festival\/wp-content\/uploads\/EWF22_Tim_Gross_Atmo_Gelaende_Freitag_9_768_768-150x150.jpg 150w, https:\/\/www.elbenwald.de\/Festival\/wp-content\/uploads\/EWF22_Tim_Gross_Atmo_Gelaende_Freitag_9_768_768.jpg 768w\" sizes=\"auto, (max-width: 500px) 100vw, 500px\" \/><figcaption id=\"caption-attachment-6544\" class=\"wp-caption-text\">Elbenwald XXL Store<\/figcaption><\/figure>\n<p>Kein <b>Elbenwald Festival<\/b> ohne <b>Elbenwald Store<\/b>! Auch 2024 kannst du dich direkt auf dem Festivalgel\u00e4nde mit dem besten Merch eindecken. Das Ganze wird aber keine 08\/15-Einkaufserfahrung, davon halten wir ohnehin nichts. Nein, auf dem <b>Elbenwald Festival<\/b> erwarten dich spezielle Angebote, Schn\u00e4ppchen und die eine oder andere \u00dcberraschung. Wie beim letzten Mal, als wir irgendwann eine Spontanversteigerung gestartet und jede Menge exklusives Zeug zu einem Hammerpreis rausgehauen haben!<\/p>\n<p>Ein Besuch ist \u00fcbrigens auch eine super Gelegenheit, unsere Mitarbeitenden mal in einer anderen Umgebung kennenzulernen. Und das eine oder andere \u201cF.A.C.H.G.E.S.P.R.\u00c4.C.H.\u201d zu f\u00fchren. Wird bestimmt lustig!<\/p>\n<p><a class=\"button\" href=\"https:\/\/festival.elbenwald.de\/tickets\/\" rel=\"noopener\">Jetzt Ticket sichern<\/a><\/p>\n<p><a class=\"button-minimal\" href=\"https:\/\/www.elbenwald.de\/Festival\/aktivitaeten\/\" rel=\"noopener\">Zu allen Aktivit\u00e4ten<\/a><\/p>\n<hr \/>\n<h3><i class=\"fa fa-camera\" aria-hidden=\"true\"><\/i> Elbenwald Store auf dem Elbenwald Festival<\/h3>\n\t\t\t<style>\r\n                #foogallery-gallery-4936.fg-masonry .fg-item {\r\n                    width: 300px;\r\n                    margin-right: 15px;\r\n                    margin-bottom: 15px;\r\n                }\r\n\t\t\t<\/style>\r\n\t\t\t<div class=\"foogallery foogallery-container foogallery-masonry foogallery-lightbox-foobox fg-masonry fg-light fg-loading-default fg-loaded-fade-in fg-caption-hover fg-hover-fade fg-hover-zoom fg-ready fg-fixed\" id=\"foogallery-gallery-4936\" data-foogallery=\"{&quot;item&quot;:{&quot;showCaptionTitle&quot;:true,&quot;showCaptionDescription&quot;:true},&quot;lazy&quot;:true,&quot;template&quot;:{&quot;columnWidth&quot;:300,&quot;gutter&quot;:15}}\" >\r\n\t\t<div class=\"fg-item fg-type-image fg-idle\"><figure class=\"fg-item-inner\"><a href=\"https:\/\/www.elbenwald.de\/Festival\/wp-content\/uploads\/P1320326.jpg\" data-caption-title=\"Elbenwald Store\" data-caption-desc=\"Foto: Johanna Lenth\" data-attachment-id=\"4687\" data-type=\"image\" class=\"fg-thumb\"><span class=\"fg-image-wrap\"><img fetchpriority=\"high\" decoding=\"async\" alt=\"Elbenwald Store\" title=\"Elbenwald Store\" width=\"300\" height=\"225\" class=\"skip-lazy fg-image\" data-src-fg=\"https:\/\/www.elbenwald.de\/Festival\/wp-content\/uploads\/cache\/P1320326\/2084089270.jpg\" src=\"data:image\/svg+xml,%3Csvg%20xmlns%3D%22http%3A%2F%2Fwww.w3.org%2F2000%2Fsvg%22%20width%3D%22300%22%20height%3D%22225%22%20viewBox%3D%220%200%20300%20225%22%3E%3C%2Fsvg%3E\" loading=\"eager\"><\/span><span class=\"fg-image-overlay\"><\/span><\/a><figcaption class=\"fg-caption\"><div class=\"fg-caption-inner\"><div class=\"fg-caption-title\">Elbenwald Store<\/div><div class=\"fg-caption-desc\">Foto: Johanna Lenth<\/div><\/div><\/figcaption><\/figure><div class=\"fg-loader\"><\/div><\/div><div class=\"fg-item fg-type-image fg-idle\"><figure class=\"fg-item-inner\"><a href=\"https:\/\/www.elbenwald.de\/Festival\/wp-content\/uploads\/EWF22_ElbenwaldStore_RainerKeuenhof_A26I2593_1800_1200.jpg\" data-caption-title=\"Foto: Rainer Keuenhof\" data-attachment-id=\"6550\" data-type=\"image\" class=\"fg-thumb\"><span class=\"fg-image-wrap\"><img decoding=\"async\" title=\"Foto: Rainer Keuenhof\" width=\"300\" height=\"200\" class=\"skip-lazy fg-image\" data-src-fg=\"https:\/\/www.elbenwald.de\/Festival\/wp-content\/uploads\/cache\/EWF22_ElbenwaldStore_RainerKeuenhof_A26I2593_1800_1200\/2242438776.jpg\" src=\"data:image\/svg+xml,%3Csvg%20xmlns%3D%22http%3A%2F%2Fwww.w3.org%2F2000%2Fsvg%22%20width%3D%22300%22%20height%3D%22200%22%20viewBox%3D%220%200%20300%20200%22%3E%3C%2Fsvg%3E\" loading=\"eager\"><\/span><span class=\"fg-image-overlay\"><\/span><\/a><figcaption class=\"fg-caption\"><div class=\"fg-caption-inner\"><div class=\"fg-caption-title\">Foto: Rainer Keuenhof<\/div><\/div><\/figcaption><\/figure><div class=\"fg-loader\"><\/div><\/div><div class=\"fg-item fg-type-image fg-idle\"><figure class=\"fg-item-inner\"><a href=\"https:\/\/www.elbenwald.de\/Festival\/wp-content\/uploads\/EWF22_ElbenwaldStore_RainerKeuenhof_A26I3279_1200_1800.jpg\" data-caption-title=\"Foto: Rainer Keuenhof\" data-attachment-id=\"6548\" data-type=\"image\" class=\"fg-thumb\"><span class=\"fg-image-wrap\"><img decoding=\"async\" title=\"Foto: Rainer Keuenhof\" width=\"300\" height=\"450\" class=\"skip-lazy fg-image\" data-src-fg=\"https:\/\/www.elbenwald.de\/Festival\/wp-content\/uploads\/cache\/EWF22_ElbenwaldStore_RainerKeuenhof_A26I3279_1200_1800\/4055112588.jpg\" src=\"data:image\/svg+xml,%3Csvg%20xmlns%3D%22http%3A%2F%2Fwww.w3.org%2F2000%2Fsvg%22%20width%3D%22300%22%20height%3D%22450%22%20viewBox%3D%220%200%20300%20450%22%3E%3C%2Fsvg%3E\" loading=\"eager\"><\/span><span class=\"fg-image-overlay\"><\/span><\/a><figcaption class=\"fg-caption\"><div class=\"fg-caption-inner\"><div class=\"fg-caption-title\">Foto: Rainer Keuenhof<\/div><\/div><\/figcaption><\/figure><div class=\"fg-loader\"><\/div><\/div><div class=\"fg-item fg-type-image fg-idle\"><figure class=\"fg-item-inner\"><a href=\"https:\/\/www.elbenwald.de\/Festival\/wp-content\/uploads\/EWF21_ElbenwaldStore_Rainer_Keuenhof_003.jpg\" data-caption-title=\"Elbenwald Store\" data-caption-desc=\"Foto: Rainer Keuenhof\" data-attachment-id=\"4564\" data-type=\"image\" class=\"fg-thumb\"><span class=\"fg-image-wrap\"><img decoding=\"async\" alt=\"Elbenwald Store\" title=\"Elbenwald Store\" width=\"300\" height=\"200\" class=\"skip-lazy fg-image\" data-src-fg=\"https:\/\/www.elbenwald.de\/Festival\/wp-content\/uploads\/cache\/EWF21_ElbenwaldStore_Rainer_Keuenhof_003\/772194198.jpg\" src=\"data:image\/svg+xml,%3Csvg%20xmlns%3D%22http%3A%2F%2Fwww.w3.org%2F2000%2Fsvg%22%20width%3D%22300%22%20height%3D%22200%22%20viewBox%3D%220%200%20300%20200%22%3E%3C%2Fsvg%3E\" loading=\"eager\"><\/span><span class=\"fg-image-overlay\"><\/span><\/a><figcaption class=\"fg-caption\"><div class=\"fg-caption-inner\"><div class=\"fg-caption-title\">Elbenwald Store<\/div><div class=\"fg-caption-desc\">Foto: Rainer Keuenhof<\/div><\/div><\/figcaption><\/figure><div class=\"fg-loader\"><\/div><\/div><div class=\"fg-item fg-type-image fg-idle\"><figure class=\"fg-item-inner\"><a href=\"https:\/\/www.elbenwald.de\/Festival\/wp-content\/uploads\/EWF21_ElbenwaldStore_Rainer_Keuenhof_019-scaled.jpg\" data-caption-desc=\"Foto: Rainer Keuenhof\" data-attachment-id=\"4937\" data-type=\"image\" class=\"fg-thumb\"><span class=\"fg-image-wrap\"><img decoding=\"async\" width=\"300\" height=\"200\" class=\"skip-lazy fg-image\" data-src-fg=\"https:\/\/www.elbenwald.de\/Festival\/wp-content\/uploads\/cache\/EWF21_ElbenwaldStore_Rainer_Keuenhof_019-scaled\/2536001630.jpg\" src=\"data:image\/svg+xml,%3Csvg%20xmlns%3D%22http%3A%2F%2Fwww.w3.org%2F2000%2Fsvg%22%20width%3D%22300%22%20height%3D%22200%22%20viewBox%3D%220%200%20300%20200%22%3E%3C%2Fsvg%3E\" loading=\"eager\"><\/span><span class=\"fg-image-overlay\"><\/span><\/a><figcaption class=\"fg-caption\"><div class=\"fg-caption-inner\"><div class=\"fg-caption-desc\">Foto: Rainer Keuenhof<\/div><\/div><\/figcaption><\/figure><div class=\"fg-loader\"><\/div><\/div><div class=\"fg-item fg-type-image fg-idle\"><figure class=\"fg-item-inner\"><a href=\"https:\/\/www.elbenwald.de\/Festival\/wp-content\/uploads\/EWF22_ElbenwaldStore_RainerKeuenhof_AM4I2409_1800_1200.jpg\" data-caption-title=\"Foto: Rainer Keuenhof\" data-attachment-id=\"6549\" data-type=\"image\" class=\"fg-thumb\"><span class=\"fg-image-wrap\"><img decoding=\"async\" title=\"Foto: Rainer Keuenhof\" width=\"300\" height=\"200\" class=\"skip-lazy fg-image\" data-src-fg=\"https:\/\/www.elbenwald.de\/Festival\/wp-content\/uploads\/cache\/EWF22_ElbenwaldStore_RainerKeuenhof_AM4I2409_1800_1200\/2922203476.jpg\" src=\"data:image\/svg+xml,%3Csvg%20xmlns%3D%22http%3A%2F%2Fwww.w3.org%2F2000%2Fsvg%22%20width%3D%22300%22%20height%3D%22200%22%20viewBox%3D%220%200%20300%20200%22%3E%3C%2Fsvg%3E\" loading=\"eager\"><\/span><span class=\"fg-image-overlay\"><\/span><\/a><figcaption class=\"fg-caption\"><div class=\"fg-caption-inner\"><div class=\"fg-caption-title\">Foto: Rainer Keuenhof<\/div><\/div><\/figcaption><\/figure><div class=\"fg-loader\"><\/div><\/div><div class=\"fg-item fg-type-image fg-idle\"><figure class=\"fg-item-inner\"><a href=\"https:\/\/www.elbenwald.de\/Festival\/wp-content\/uploads\/EWF21_ElbenwaldStore_Rainer_Keuenhof_018-scaled.jpg\" data-caption-desc=\"Foto: Rainer Keuenhof\" data-attachment-id=\"4938\" data-type=\"image\" class=\"fg-thumb\"><span class=\"fg-image-wrap\"><img decoding=\"async\" width=\"300\" height=\"200\" class=\"skip-lazy fg-image\" data-src-fg=\"https:\/\/www.elbenwald.de\/Festival\/wp-content\/uploads\/cache\/EWF21_ElbenwaldStore_Rainer_Keuenhof_018-scaled\/2571070564.jpg\" src=\"data:image\/svg+xml,%3Csvg%20xmlns%3D%22http%3A%2F%2Fwww.w3.org%2F2000%2Fsvg%22%20width%3D%22300%22%20height%3D%22200%22%20viewBox%3D%220%200%20300%20200%22%3E%3C%2Fsvg%3E\" loading=\"eager\"><\/span><span class=\"fg-image-overlay\"><\/span><\/a><figcaption class=\"fg-caption\"><div class=\"fg-caption-inner\"><div class=\"fg-caption-desc\">Foto: Rainer Keuenhof<\/div><\/div><\/figcaption><\/figure><div class=\"fg-loader\"><\/div><\/div><div class=\"fg-item fg-type-image fg-idle\"><figure class=\"fg-item-inner\"><a href=\"https:\/\/www.elbenwald.de\/Festival\/wp-content\/uploads\/EWF21_ElbenwaldStore_Rainer_Keuenhof_007-scaled.jpg\" data-caption-desc=\"Foto: Rainer Keuenhof\" data-attachment-id=\"4939\" data-type=\"image\" class=\"fg-thumb\"><span class=\"fg-image-wrap\"><img decoding=\"async\" width=\"300\" height=\"200\" class=\"skip-lazy fg-image\" data-src-fg=\"https:\/\/www.elbenwald.de\/Festival\/wp-content\/uploads\/cache\/EWF21_ElbenwaldStore_Rainer_Keuenhof_007-scaled\/3990409394.jpg\" src=\"data:image\/svg+xml,%3Csvg%20xmlns%3D%22http%3A%2F%2Fwww.w3.org%2F2000%2Fsvg%22%20width%3D%22300%22%20height%3D%22200%22%20viewBox%3D%220%200%20300%20200%22%3E%3C%2Fsvg%3E\" loading=\"eager\"><\/span><span class=\"fg-image-overlay\"><\/span><\/a><figcaption class=\"fg-caption\"><div class=\"fg-caption-inner\"><div class=\"fg-caption-desc\">Foto: Rainer Keuenhof<\/div><\/div><\/figcaption><\/figure><div class=\"fg-loader\"><\/div><\/div><div class=\"fg-item fg-type-image fg-idle\"><figure class=\"fg-item-inner\"><a href=\"https:\/\/www.elbenwald.de\/Festival\/wp-content\/uploads\/EWF21_ElbenwaldStore_Rainer_Keuenhof_012-scaled.jpg\" data-caption-desc=\"Foto: Rainer Keuenhof\" data-attachment-id=\"4940\" data-type=\"image\" class=\"fg-thumb\"><span class=\"fg-image-wrap\"><img decoding=\"async\" width=\"300\" height=\"200\" class=\"skip-lazy fg-image\" data-src-fg=\"https:\/\/www.elbenwald.de\/Festival\/wp-content\/uploads\/cache\/EWF21_ElbenwaldStore_Rainer_Keuenhof_012-scaled\/3219177625.jpg\" src=\"data:image\/svg+xml,%3Csvg%20xmlns%3D%22http%3A%2F%2Fwww.w3.org%2F2000%2Fsvg%22%20width%3D%22300%22%20height%3D%22200%22%20viewBox%3D%220%200%20300%20200%22%3E%3C%2Fsvg%3E\" loading=\"eager\"><\/span><span class=\"fg-image-overlay\"><\/span><\/a><figcaption class=\"fg-caption\"><div class=\"fg-caption-inner\"><div class=\"fg-caption-desc\">Foto: Rainer Keuenhof<\/div><\/div><\/figcaption><\/figure><div class=\"fg-loader\"><\/div><\/div><\/div>\n","protected":false},"excerpt":{"rendered":"<p>Das Elbenwald Festival w\u00e4re nicht komplett ohne einen gro\u00dfen Elbenwald Store. Nat\u00fcrlich mit speziellen Angeboten und der einen oder anderen \u00dcberraschung.<\/p>\n","protected":false},"author":4,"featured_media":6545,"parent":30,"menu_order":5100,"comment_status":"closed","ping_status":"closed","template":"templates\/grid-page.php","meta":{"inline_featured_image":false,"footnotes":""},"class_list":["post-922","page","type-page","status-publish","has-post-thumbnail","hentry"],"aioseo_notices":[],"_links":{"self":[{"href":"https:\/\/www.elbenwald.de\/Festival\/wp-json\/wp\/v2\/pages\/922","targetHints":{"allow":["GET"]}}],"collection":[{"href":"https:\/\/www.elbenwald.de\/Festival\/wp-json\/wp\/v2\/pages"}],"about":[{"href":"https:\/\/www.elbenwald.de\/Festival\/wp-json\/wp\/v2\/types\/page"}],"author":[{"embeddable":true,"href":"https:\/\/www.elbenwald.de\/Festival\/wp-json\/wp\/v2\/users\/4"}],"replies":[{"embeddable":true,"href":"https:\/\/www.elbenwald.de\/Festival\/wp-json\/wp\/v2\/comments?post=922"}],"version-history":[{"count":14,"href":"https:\/\/www.elbenwald.de\/Festival\/wp-json\/wp\/v2\/pages\/922\/revisions"}],"predecessor-version":[{"id":7262,"href":"https:\/\/www.elbenwald.de\/Festival\/wp-json\/wp\/v2\/pages\/922\/revisions\/7262"}],"up":[{"embeddable":true,"href":"https:\/\/www.elbenwald.de\/Festival\/wp-json\/wp\/v2\/pages\/30"}],"wp:featuredmedia":[{"embeddable":true,"href":"https:\/\/www.elbenwald.de\/Festival\/wp-json\/wp\/v2\/media\/6545"}],"wp:attachment":[{"href":"https:\/\/www.elbenwald.de\/Festival\/wp-json\/wp\/v2\/media?parent=922"}],"curies":[{"name":"wp","href":"https:\/\/api.w.org\/{rel}","templated":true}]}}