{"id":5465,"date":"2025-12-12T16:03:26","date_gmt":"2025-12-12T15:03:26","guid":{"rendered":"https:\/\/www.elbenwald.de\/Festival\/?page_id=5465"},"modified":"2025-12-12T16:03:26","modified_gmt":"2025-12-12T15:03:26","slug":"ukulele-workshop","status":"publish","type":"page","link":"https:\/\/www.elbenwald.de\/Festival\/line-up\/ukulele-workshop\/","title":{"rendered":"Ukulele-Workshop"},"content":{"rendered":"<h2>Ukulele-Workshop<\/h2>\n<figure id=\"attachment_7547\" aria-describedby=\"caption-attachment-7547\" style=\"width: 500px\" class=\"wp-caption alignright\"><img loading=\"lazy\" decoding=\"async\" class=\"wp-image-7547\" title=\"Ukulele-Workshop\" src=\"https:\/\/www.elbenwald.de\/Festival\/wp-content\/uploads\/ukulele_post-300x300.jpg\" alt=\"Holger Lohn, Foto: Rainer Keuenhof\" width=\"500\" height=\"500\" srcset=\"https:\/\/www.elbenwald.de\/Festival\/wp-content\/uploads\/ukulele_post-300x300.jpg 300w, https:\/\/www.elbenwald.de\/Festival\/wp-content\/uploads\/ukulele_post-150x150.jpg 150w, https:\/\/www.elbenwald.de\/Festival\/wp-content\/uploads\/ukulele_post.jpg 768w\" sizes=\"auto, (max-width: 500px) 100vw, 500px\" \/><figcaption id=\"caption-attachment-7547\" class=\"wp-caption-text\">Holger Lohn, Foto: Rainer Keuenhof<\/figcaption><\/figure>\n<p>Die Ukulele z\u00e4hlt zu unseren absoluten Lieblingsinstrumenten! Sie ist klein und leicht, sodass man sie \u00fcberall hin mitnehmen oder auch mal weiterreichen kann. Sie klingt jederzeit so fr\u00f6hlich wie ein Kinderlachen und kostet nicht die Welt. Vor allem aber ist sie ein echtes Anf\u00e4ngerinstrument! Ein paar Akkorde reichen, schon kannst du hunderte von Songs spielen. Kurzum: Sie ist das perfekte Instrument f\u00fcr einen Workshop!<\/p>\n<p>Den h\u00e4lt <strong>Holger Lohn<\/strong>, und zwar in mehreren Varianten: Angeboten wird Ukulele f\u00fcr Anf\u00e4nger und speziell Ukulele f\u00fcr Kinder. Au\u00dferdem gibt es das gemeinsame Singen am Lagerfeuer, wobei optional nat\u00fcrlich jeder die Musik mit Ukulele begleiten kann. Apropos jeder: Mitmachen kann explizit jede:r, <strong>Percy Jackson<\/strong>-Fans d\u00fcrfen sich aber besonders angesprochen f\u00fchlen. Was vielleicht daran liegt, dass Holger durch zwei Ukulele spielende Percy Jackson-Cosplayerinnen \u00fcberhaupt auf die Idee mit dem Workshop kam.<\/p>\n<p><a class=\"button\" href=\"https:\/\/festival.elbenwald.de\/\" rel=\"noopener\">Jetzt Ticket sichern<\/a><\/p>\n<p><a class=\"button-minimal\" href=\"https:\/\/www.elbenwald.de\/Festival\/line-up\/\" rel=\"noopener\">Zum Line-Up<\/a><\/p>\n<hr \/>\n\t\t\t<style>\r\n                #foogallery-gallery-6440.fg-masonry .fg-item {\r\n                    width: 300px;\r\n                    margin-right: 15px;\r\n                    margin-bottom: 15px;\r\n                }\r\n\t\t\t<\/style>\r\n\t\t\t<div class=\"foogallery foogallery-container foogallery-masonry foogallery-lightbox-foobox fg-masonry fg-light fg-loading-default fg-loaded-fade-in fg-caption-hover fg-hover-fade fg-hover-zoom fg-ready fg-fixed\" id=\"foogallery-gallery-6440\" data-foogallery=\"{&quot;item&quot;:{&quot;showCaptionTitle&quot;:true,&quot;showCaptionDescription&quot;:true},&quot;lazy&quot;:true,&quot;template&quot;:{&quot;columnWidth&quot;:300,&quot;gutter&quot;:15}}\" >\r\n\t\t<div class=\"fg-item fg-type-image fg-idle\"><figure class=\"fg-item-inner\"><a href=\"https:\/\/www.elbenwald.de\/Festival\/wp-content\/uploads\/EWF22_Ukulele_GinaWetzler_GW_1712_web.jpg\" data-caption-title=\"Foto: Gina Wetzler\" data-attachment-id=\"6449\" data-type=\"image\" class=\"fg-thumb\"><span class=\"fg-image-wrap\"><img fetchpriority=\"high\" decoding=\"async\" title=\"Foto: Gina Wetzler\" width=\"300\" height=\"200\" class=\"skip-lazy fg-image\" data-src-fg=\"https:\/\/www.elbenwald.de\/Festival\/wp-content\/uploads\/cache\/EWF22_Ukulele_GinaWetzler_GW_1712_web\/2332573869.jpg\" src=\"data:image\/svg+xml,%3Csvg%20xmlns%3D%22http%3A%2F%2Fwww.w3.org%2F2000%2Fsvg%22%20width%3D%22300%22%20height%3D%22200%22%20viewBox%3D%220%200%20300%20200%22%3E%3C%2Fsvg%3E\" loading=\"eager\"><\/span><span class=\"fg-image-overlay\"><\/span><\/a><figcaption class=\"fg-caption\"><div class=\"fg-caption-inner\"><div class=\"fg-caption-title\">Foto: Gina Wetzler<\/div><\/div><\/figcaption><\/figure><div class=\"fg-loader\"><\/div><\/div><div class=\"fg-item fg-type-image fg-idle\"><figure class=\"fg-item-inner\"><a href=\"https:\/\/www.elbenwald.de\/Festival\/wp-content\/uploads\/ewf22_sa_ukulele_nina_krger_0361.jpg\" data-caption-desc=\"Foto: Nina Kr\u00fcger\" data-attachment-id=\"6082\" data-type=\"image\" class=\"fg-thumb\"><span class=\"fg-image-wrap\"><img decoding=\"async\" width=\"300\" height=\"199\" class=\"skip-lazy fg-image\" data-src-fg=\"https:\/\/www.elbenwald.de\/Festival\/wp-content\/uploads\/cache\/ewf22_sa_ukulele_nina_krger_0361\/2786782881.jpg\" src=\"data:image\/svg+xml,%3Csvg%20xmlns%3D%22http%3A%2F%2Fwww.w3.org%2F2000%2Fsvg%22%20width%3D%22300%22%20height%3D%22199%22%20viewBox%3D%220%200%20300%20199%22%3E%3C%2Fsvg%3E\" loading=\"eager\"><\/span><span class=\"fg-image-overlay\"><\/span><\/a><figcaption class=\"fg-caption\"><div class=\"fg-caption-inner\"><div class=\"fg-caption-desc\">Foto: Nina Kr\u00fcger<\/div><\/div><\/figcaption><\/figure><div class=\"fg-loader\"><\/div><\/div><div class=\"fg-item fg-type-image fg-idle\"><figure class=\"fg-item-inner\"><a href=\"https:\/\/www.elbenwald.de\/Festival\/wp-content\/uploads\/EWF22_Ukulele_GinaWetzler_GW_8704_web.jpg\" data-caption-title=\"Foto: Gina Wetzler\" data-attachment-id=\"6441\" data-type=\"image\" class=\"fg-thumb\"><span class=\"fg-image-wrap\"><img decoding=\"async\" title=\"Foto: Gina Wetzler\" width=\"300\" height=\"200\" class=\"skip-lazy fg-image\" data-src-fg=\"https:\/\/www.elbenwald.de\/Festival\/wp-content\/uploads\/cache\/EWF22_Ukulele_GinaWetzler_GW_8704_web\/1376292946.jpg\" src=\"data:image\/svg+xml,%3Csvg%20xmlns%3D%22http%3A%2F%2Fwww.w3.org%2F2000%2Fsvg%22%20width%3D%22300%22%20height%3D%22200%22%20viewBox%3D%220%200%20300%20200%22%3E%3C%2Fsvg%3E\" loading=\"eager\"><\/span><span class=\"fg-image-overlay\"><\/span><\/a><figcaption class=\"fg-caption\"><div class=\"fg-caption-inner\"><div class=\"fg-caption-title\">Foto: Gina Wetzler<\/div><\/div><\/figcaption><\/figure><div class=\"fg-loader\"><\/div><\/div><div class=\"fg-item fg-type-image fg-idle\"><figure class=\"fg-item-inner\"><a href=\"https:\/\/www.elbenwald.de\/Festival\/wp-content\/uploads\/EWF22_Ukulele_GinaWetzler_GW_8701_web.jpg\" data-caption-title=\"Foto: Gina Wetzler\" data-attachment-id=\"6443\" data-type=\"image\" class=\"fg-thumb\"><span class=\"fg-image-wrap\"><img decoding=\"async\" title=\"Foto: Gina Wetzler\" width=\"300\" height=\"200\" class=\"skip-lazy fg-image\" data-src-fg=\"https:\/\/www.elbenwald.de\/Festival\/wp-content\/uploads\/cache\/EWF22_Ukulele_GinaWetzler_GW_8701_web\/2600585263.jpg\" src=\"data:image\/svg+xml,%3Csvg%20xmlns%3D%22http%3A%2F%2Fwww.w3.org%2F2000%2Fsvg%22%20width%3D%22300%22%20height%3D%22200%22%20viewBox%3D%220%200%20300%20200%22%3E%3C%2Fsvg%3E\" loading=\"eager\"><\/span><span class=\"fg-image-overlay\"><\/span><\/a><figcaption class=\"fg-caption\"><div class=\"fg-caption-inner\"><div class=\"fg-caption-title\">Foto: Gina Wetzler<\/div><\/div><\/figcaption><\/figure><div class=\"fg-loader\"><\/div><\/div><div class=\"fg-item fg-type-image fg-idle\"><figure class=\"fg-item-inner\"><a href=\"https:\/\/www.elbenwald.de\/Festival\/wp-content\/uploads\/EWF22_Johanna_Lenth-_75_web.jpg\" data-attachment-id=\"6454\" data-type=\"image\" class=\"fg-thumb\"><span class=\"fg-image-wrap\"><img decoding=\"async\" width=\"300\" height=\"375\" class=\"skip-lazy fg-image\" data-src-fg=\"https:\/\/www.elbenwald.de\/Festival\/wp-content\/uploads\/cache\/EWF22_Johanna_Lenth-_75_web\/758495787.jpg\" src=\"data:image\/svg+xml,%3Csvg%20xmlns%3D%22http%3A%2F%2Fwww.w3.org%2F2000%2Fsvg%22%20width%3D%22300%22%20height%3D%22375%22%20viewBox%3D%220%200%20300%20375%22%3E%3C%2Fsvg%3E\" loading=\"eager\"><\/span><span class=\"fg-image-overlay\"><\/span><\/a><figcaption class=\"fg-caption\"><div class=\"fg-caption-inner\"><\/div><\/figcaption><\/figure><div class=\"fg-loader\"><\/div><\/div><div class=\"fg-item fg-type-image fg-idle\"><figure class=\"fg-item-inner\"><a href=\"https:\/\/www.elbenwald.de\/Festival\/wp-content\/uploads\/EWF22_Ukulele_GinaWetzler_GW_1695_web.jpg\" data-caption-title=\"Foto: Gina Wetzler\" data-attachment-id=\"6446\" data-type=\"image\" class=\"fg-thumb\"><span class=\"fg-image-wrap\"><img decoding=\"async\" title=\"Foto: Gina Wetzler\" width=\"300\" height=\"200\" class=\"skip-lazy fg-image\" data-src-fg=\"https:\/\/www.elbenwald.de\/Festival\/wp-content\/uploads\/cache\/EWF22_Ukulele_GinaWetzler_GW_1695_web\/2463548909.jpg\" src=\"data:image\/svg+xml,%3Csvg%20xmlns%3D%22http%3A%2F%2Fwww.w3.org%2F2000%2Fsvg%22%20width%3D%22300%22%20height%3D%22200%22%20viewBox%3D%220%200%20300%20200%22%3E%3C%2Fsvg%3E\" loading=\"eager\"><\/span><span class=\"fg-image-overlay\"><\/span><\/a><figcaption class=\"fg-caption\"><div class=\"fg-caption-inner\"><div class=\"fg-caption-title\">Foto: Gina Wetzler<\/div><\/div><\/figcaption><\/figure><div class=\"fg-loader\"><\/div><\/div><div class=\"fg-item fg-type-image fg-idle\"><figure class=\"fg-item-inner\"><a href=\"https:\/\/www.elbenwald.de\/Festival\/wp-content\/uploads\/EWF22_Ukulele_GinaWetzler_GW_1718_web.jpg\" data-caption-title=\"Foto: Gina Wetzler\" data-attachment-id=\"6452\" data-type=\"image\" class=\"fg-thumb\"><span class=\"fg-image-wrap\"><img decoding=\"async\" title=\"Foto: Gina Wetzler\" width=\"300\" height=\"200\" class=\"skip-lazy fg-image\" data-src-fg=\"https:\/\/www.elbenwald.de\/Festival\/wp-content\/uploads\/cache\/EWF22_Ukulele_GinaWetzler_GW_1718_web\/1904800551.jpg\" src=\"data:image\/svg+xml,%3Csvg%20xmlns%3D%22http%3A%2F%2Fwww.w3.org%2F2000%2Fsvg%22%20width%3D%22300%22%20height%3D%22200%22%20viewBox%3D%220%200%20300%20200%22%3E%3C%2Fsvg%3E\" loading=\"eager\"><\/span><span class=\"fg-image-overlay\"><\/span><\/a><figcaption class=\"fg-caption\"><div class=\"fg-caption-inner\"><div class=\"fg-caption-title\">Foto: Gina Wetzler<\/div><\/div><\/figcaption><\/figure><div class=\"fg-loader\"><\/div><\/div><div class=\"fg-item fg-type-image fg-idle\"><figure class=\"fg-item-inner\"><a href=\"https:\/\/www.elbenwald.de\/Festival\/wp-content\/uploads\/ewf22_joerg_meinhardt_dsc07535_web.jpg\" data-attachment-id=\"6453\" data-type=\"image\" class=\"fg-thumb\"><span class=\"fg-image-wrap\"><img decoding=\"async\" width=\"300\" height=\"450\" class=\"skip-lazy fg-image\" data-src-fg=\"https:\/\/www.elbenwald.de\/Festival\/wp-content\/uploads\/cache\/ewf22_joerg_meinhardt_dsc07535_web\/710514936.jpg\" src=\"data:image\/svg+xml,%3Csvg%20xmlns%3D%22http%3A%2F%2Fwww.w3.org%2F2000%2Fsvg%22%20width%3D%22300%22%20height%3D%22450%22%20viewBox%3D%220%200%20300%20450%22%3E%3C%2Fsvg%3E\" loading=\"eager\"><\/span><span class=\"fg-image-overlay\"><\/span><\/a><figcaption class=\"fg-caption\"><div class=\"fg-caption-inner\"><\/div><\/figcaption><\/figure><div class=\"fg-loader\"><\/div><\/div><div class=\"fg-item fg-type-image fg-idle\"><figure class=\"fg-item-inner\"><a href=\"https:\/\/www.elbenwald.de\/Festival\/wp-content\/uploads\/EWF22_Ukulele_GinaWetzler_GW_1693_web.jpg\" data-caption-title=\"Foto: Gina Wetzler\" data-attachment-id=\"6448\" data-type=\"image\" class=\"fg-thumb\"><span class=\"fg-image-wrap\"><img decoding=\"async\" title=\"Foto: Gina Wetzler\" width=\"300\" height=\"450\" class=\"skip-lazy fg-image\" data-src-fg=\"https:\/\/www.elbenwald.de\/Festival\/wp-content\/uploads\/cache\/EWF22_Ukulele_GinaWetzler_GW_1693_web\/315402831.jpg\" src=\"data:image\/svg+xml,%3Csvg%20xmlns%3D%22http%3A%2F%2Fwww.w3.org%2F2000%2Fsvg%22%20width%3D%22300%22%20height%3D%22450%22%20viewBox%3D%220%200%20300%20450%22%3E%3C%2Fsvg%3E\" loading=\"eager\"><\/span><span class=\"fg-image-overlay\"><\/span><\/a><figcaption class=\"fg-caption\"><div class=\"fg-caption-inner\"><div class=\"fg-caption-title\">Foto: Gina Wetzler<\/div><\/div><\/figcaption><\/figure><div class=\"fg-loader\"><\/div><\/div><div class=\"fg-item fg-type-image fg-idle\"><figure class=\"fg-item-inner\"><a href=\"https:\/\/www.elbenwald.de\/Festival\/wp-content\/uploads\/EWF22_Ukulele_GinaWetzler_GW_1691_web.jpg\" data-caption-title=\"Foto: Gina Wetzler\" data-attachment-id=\"6450\" data-type=\"image\" class=\"fg-thumb\"><span class=\"fg-image-wrap\"><img decoding=\"async\" title=\"Foto: Gina Wetzler\" width=\"300\" height=\"200\" class=\"skip-lazy fg-image\" data-src-fg=\"https:\/\/www.elbenwald.de\/Festival\/wp-content\/uploads\/cache\/EWF22_Ukulele_GinaWetzler_GW_1691_web\/2055722176.jpg\" src=\"data:image\/svg+xml,%3Csvg%20xmlns%3D%22http%3A%2F%2Fwww.w3.org%2F2000%2Fsvg%22%20width%3D%22300%22%20height%3D%22200%22%20viewBox%3D%220%200%20300%20200%22%3E%3C%2Fsvg%3E\" loading=\"eager\"><\/span><span class=\"fg-image-overlay\"><\/span><\/a><figcaption class=\"fg-caption\"><div class=\"fg-caption-inner\"><div class=\"fg-caption-title\">Foto: Gina Wetzler<\/div><\/div><\/figcaption><\/figure><div class=\"fg-loader\"><\/div><\/div><div class=\"fg-item fg-type-image fg-idle\"><figure class=\"fg-item-inner\"><a href=\"https:\/\/www.elbenwald.de\/Festival\/wp-content\/uploads\/EWF22_Ukulele_Nina_Krger_0365_web.jpg\" data-caption-title=\"Foto: Nina Kr\u00fcger\" data-attachment-id=\"6442\" data-type=\"image\" class=\"fg-thumb\"><span class=\"fg-image-wrap\"><img decoding=\"async\" title=\"Foto: Nina Kr\u00fcger\" width=\"300\" height=\"199\" class=\"skip-lazy fg-image\" data-src-fg=\"https:\/\/www.elbenwald.de\/Festival\/wp-content\/uploads\/cache\/EWF22_Ukulele_Nina_Krger_0365_web\/685116431.jpg\" src=\"data:image\/svg+xml,%3Csvg%20xmlns%3D%22http%3A%2F%2Fwww.w3.org%2F2000%2Fsvg%22%20width%3D%22300%22%20height%3D%22199%22%20viewBox%3D%220%200%20300%20199%22%3E%3C%2Fsvg%3E\" loading=\"eager\"><\/span><span class=\"fg-image-overlay\"><\/span><\/a><figcaption class=\"fg-caption\"><div class=\"fg-caption-inner\"><div class=\"fg-caption-title\">Foto: Nina Kr\u00fcger<\/div><\/div><\/figcaption><\/figure><div class=\"fg-loader\"><\/div><\/div><div class=\"fg-item fg-type-image fg-idle\"><figure class=\"fg-item-inner\"><a href=\"https:\/\/www.elbenwald.de\/Festival\/wp-content\/uploads\/EWF22_Ukulele_GinaWetzler_GW_1708_web.jpg\" data-caption-title=\"Foto: Gina Wetzler\" data-attachment-id=\"6447\" data-type=\"image\" class=\"fg-thumb\"><span class=\"fg-image-wrap\"><img decoding=\"async\" title=\"Foto: Gina Wetzler\" width=\"300\" height=\"200\" class=\"skip-lazy fg-image\" data-src-fg=\"https:\/\/www.elbenwald.de\/Festival\/wp-content\/uploads\/cache\/EWF22_Ukulele_GinaWetzler_GW_1708_web\/3549346571.jpg\" src=\"data:image\/svg+xml,%3Csvg%20xmlns%3D%22http%3A%2F%2Fwww.w3.org%2F2000%2Fsvg%22%20width%3D%22300%22%20height%3D%22200%22%20viewBox%3D%220%200%20300%20200%22%3E%3C%2Fsvg%3E\" loading=\"eager\"><\/span><span class=\"fg-image-overlay\"><\/span><\/a><figcaption class=\"fg-caption\"><div class=\"fg-caption-inner\"><div class=\"fg-caption-title\">Foto: Gina Wetzler<\/div><\/div><\/figcaption><\/figure><div class=\"fg-loader\"><\/div><\/div><div class=\"fg-item fg-type-image fg-idle\"><figure class=\"fg-item-inner\"><a href=\"https:\/\/www.elbenwald.de\/Festival\/wp-content\/uploads\/EWF22_Ukulele_GinaWetzler_GW_8688_web.jpg\" data-caption-title=\"Foto: Gina Wetzler\" data-attachment-id=\"6445\" data-type=\"image\" class=\"fg-thumb\"><span class=\"fg-image-wrap\"><img decoding=\"async\" title=\"Foto: Gina Wetzler\" width=\"300\" height=\"200\" class=\"skip-lazy fg-image\" data-src-fg=\"https:\/\/www.elbenwald.de\/Festival\/wp-content\/uploads\/cache\/EWF22_Ukulele_GinaWetzler_GW_8688_web\/861581586.jpg\" src=\"data:image\/svg+xml,%3Csvg%20xmlns%3D%22http%3A%2F%2Fwww.w3.org%2F2000%2Fsvg%22%20width%3D%22300%22%20height%3D%22200%22%20viewBox%3D%220%200%20300%20200%22%3E%3C%2Fsvg%3E\" loading=\"eager\"><\/span><span class=\"fg-image-overlay\"><\/span><\/a><figcaption class=\"fg-caption\"><div class=\"fg-caption-inner\"><div class=\"fg-caption-title\">Foto: Gina Wetzler<\/div><\/div><\/figcaption><\/figure><div class=\"fg-loader\"><\/div><\/div><div class=\"fg-item fg-type-image fg-idle\"><figure class=\"fg-item-inner\"><a href=\"https:\/\/www.elbenwald.de\/Festival\/wp-content\/uploads\/EWF22_Ukulele_GinaWetzler_GW_1717_web.jpg\" data-caption-title=\"Foto: Gina Wetzler\" data-attachment-id=\"6451\" data-type=\"image\" class=\"fg-thumb\"><span class=\"fg-image-wrap\"><img decoding=\"async\" title=\"Foto: Gina Wetzler\" width=\"300\" height=\"200\" class=\"skip-lazy fg-image\" data-src-fg=\"https:\/\/www.elbenwald.de\/Festival\/wp-content\/uploads\/cache\/EWF22_Ukulele_GinaWetzler_GW_1717_web\/2547767213.jpg\" src=\"data:image\/svg+xml,%3Csvg%20xmlns%3D%22http%3A%2F%2Fwww.w3.org%2F2000%2Fsvg%22%20width%3D%22300%22%20height%3D%22200%22%20viewBox%3D%220%200%20300%20200%22%3E%3C%2Fsvg%3E\" loading=\"eager\"><\/span><span class=\"fg-image-overlay\"><\/span><\/a><figcaption class=\"fg-caption\"><div class=\"fg-caption-inner\"><div class=\"fg-caption-title\">Foto: Gina Wetzler<\/div><\/div><\/figcaption><\/figure><div class=\"fg-loader\"><\/div><\/div><div class=\"fg-item fg-type-image fg-idle\"><figure class=\"fg-item-inner\"><a href=\"https:\/\/www.elbenwald.de\/Festival\/wp-content\/uploads\/EWF22_Ukulele_GinaWetzler_GW_8710_web.jpg\" data-caption-title=\"Foto: Gina Wetzler\" data-attachment-id=\"6444\" data-type=\"image\" class=\"fg-thumb\"><span class=\"fg-image-wrap\"><img decoding=\"async\" title=\"Foto: Gina Wetzler\" width=\"300\" height=\"200\" class=\"skip-lazy fg-image\" data-src-fg=\"https:\/\/www.elbenwald.de\/Festival\/wp-content\/uploads\/cache\/EWF22_Ukulele_GinaWetzler_GW_8710_web\/3936467172.jpg\" src=\"data:image\/svg+xml,%3Csvg%20xmlns%3D%22http%3A%2F%2Fwww.w3.org%2F2000%2Fsvg%22%20width%3D%22300%22%20height%3D%22200%22%20viewBox%3D%220%200%20300%20200%22%3E%3C%2Fsvg%3E\" loading=\"eager\"><\/span><span class=\"fg-image-overlay\"><\/span><\/a><figcaption class=\"fg-caption\"><div class=\"fg-caption-inner\"><div class=\"fg-caption-title\">Foto: Gina Wetzler<\/div><\/div><\/figcaption><\/figure><div class=\"fg-loader\"><\/div><\/div><\/div>\n","protected":false},"excerpt":{"rendered":"<p>Klein und leicht, ja, fast schon niedlich. Aber auch entspannt und fr\u00f6hlich. Trendy. Und leicht zu lernen. Die Ukulele. Lern doch, damit umzugehen!<\/p>\n","protected":false},"author":4,"featured_media":10006,"parent":30,"menu_order":1600,"comment_status":"closed","ping_status":"closed","template":"templates\/grid-page.php","meta":{"inline_featured_image":false,"footnotes":""},"class_list":["post-5465","page","type-page","status-publish","has-post-thumbnail","hentry"],"aioseo_notices":[],"_links":{"self":[{"href":"https:\/\/www.elbenwald.de\/Festival\/wp-json\/wp\/v2\/pages\/5465","targetHints":{"allow":["GET"]}}],"collection":[{"href":"https:\/\/www.elbenwald.de\/Festival\/wp-json\/wp\/v2\/pages"}],"about":[{"href":"https:\/\/www.elbenwald.de\/Festival\/wp-json\/wp\/v2\/types\/page"}],"author":[{"embeddable":true,"href":"https:\/\/www.elbenwald.de\/Festival\/wp-json\/wp\/v2\/users\/4"}],"replies":[{"embeddable":true,"href":"https:\/\/www.elbenwald.de\/Festival\/wp-json\/wp\/v2\/comments?post=5465"}],"version-history":[{"count":11,"href":"https:\/\/www.elbenwald.de\/Festival\/wp-json\/wp\/v2\/pages\/5465\/revisions"}],"predecessor-version":[{"id":9957,"href":"https:\/\/www.elbenwald.de\/Festival\/wp-json\/wp\/v2\/pages\/5465\/revisions\/9957"}],"up":[{"embeddable":true,"href":"https:\/\/www.elbenwald.de\/Festival\/wp-json\/wp\/v2\/pages\/30"}],"wp:featuredmedia":[{"embeddable":true,"href":"https:\/\/www.elbenwald.de\/Festival\/wp-json\/wp\/v2\/media\/10006"}],"wp:attachment":[{"href":"https:\/\/www.elbenwald.de\/Festival\/wp-json\/wp\/v2\/media?parent=5465"}],"curies":[{"name":"wp","href":"https:\/\/api.w.org\/{rel}","templated":true}]}}