{"id":5141,"date":"2025-12-12T16:03:26","date_gmt":"2025-12-12T15:03:26","guid":{"rendered":"https:\/\/www.elbenwald.de\/Festival\/?page_id=5141"},"modified":"2025-12-12T16:03:26","modified_gmt":"2025-12-12T15:03:26","slug":"historische-taenze","status":"publish","type":"page","link":"https:\/\/www.elbenwald.de\/Festival\/line-up\/historische-taenze\/","title":{"rendered":"Historische T\u00e4nze"},"content":{"rendered":"<h2>Historische T\u00e4nze<\/h2>\n<figure id=\"attachment_10007\" aria-describedby=\"caption-attachment-10007\" style=\"width: 500px\" class=\"wp-caption alignright\"><img loading=\"lazy\" decoding=\"async\" class=\"wp-image-10007\" title=\"Christian Griesbeck, Foto: Rainer Keuenhof\" src=\"https:\/\/www.elbenwald.de\/Festival\/wp-content\/uploads\/historische-taenze_768x768px-300x300.jpg\" alt=\"Ein kost\u00fcmiertes Festivalbesucher in historischer Kleidung mit Hut, der auf einem gepflasterten Weg unter einer mit Lichtern geschm\u00fcckten Laube beim Elbenwald Festival spaziert. Die Atmosph\u00e4re ist festlich und einladend, ideal f\u00fcr Fans von Musik und Fantasy.\" width=\"500\" height=\"500\" srcset=\"https:\/\/www.elbenwald.de\/Festival\/wp-content\/uploads\/historische-taenze_768x768px-300x300.jpg 300w, https:\/\/www.elbenwald.de\/Festival\/wp-content\/uploads\/historische-taenze_768x768px-150x150.jpg 150w, https:\/\/www.elbenwald.de\/Festival\/wp-content\/uploads\/historische-taenze_768x768px.jpg 768w\" sizes=\"auto, (max-width: 500px) 100vw, 500px\" \/><figcaption id=\"caption-attachment-10007\" class=\"wp-caption-text\">Christian Griesbeck, Foto: Rainer Keuenhof<\/figcaption><\/figure>\n<p>&#8222;Tanz ist die Umsetzung von Inspiration (meist Musik oder Rhythmus) in Bewegung. Tanzen ist ein Ritual, ein Brauch, eine darstellende Kunstgattung, eine Berufst\u00e4tigkeit, eine Sportart, eine Therapieform, eine Form sozialer Interaktion oder schlicht ein Gef\u00fchlsausdruck.&#8220;<\/p>\n<p>So steht es bei <a title=\"Tanz bei Wikipedia\" href=\"https:\/\/de.wikipedia.org\/wiki\/Tanz\" target=\"_blank\" rel=\"noopener\">Wikipedia<\/a>. Was dort nicht steht: Tanz oder, genauer: Historischer Tanz ist mit der beliebteste Workshop auf dem <strong><a title=\"Startseite\" href=\"https:\/\/www.elbenwald.de\/Festival\/\">Elbenwald Festival<\/a><\/strong>! Und das liegt vor allem an Workshopleiter <strong>Christian Griesbeck<\/strong>, der seit Jahren mit seiner Expertise und Leidenschaft begeistert. Letztes Mal gelang es ihm sogar, beim gro\u00dfen Opening alle (!) Festivalbesucher gleichzeitig zum Tanzen zu bringen!<\/p>\n<p><a title=\"Christian Griesbeck Website\" href=\"https:\/\/www.historische-tanzkunst.de\/de\/kontakt.html\" target=\"_blank\" rel=\"noopener\">Christian<\/a> entf\u00fchrt uns mit seinen Workshops seit jeher in andere Welten und vergangene Zeiten. Doch das ist nicht alles: Er verbindet die T\u00e4nze auch noch mit unseren liebsten Filmen und Serien. In den letzten Jahren hat er uns beispielsweise gezeigt, wie auf den B\u00e4llen in <strong>Outlander<\/strong> getanzt wurde oder wie Hobbits und Elben in Mittelerde das Tanzbein schwangen \u2013 wobei wir uns immer noch fragen, wie das wohl bei Orks aussehen w\u00fcrde! Auch T\u00e4nze aus der Zeit der Piraten oder aus Bridgerton hat er schon genauer unter die Lupe genommen und gelehrt. Daher sind wir sehr gespannt, was er sich f\u00fcr 2026 ausdenkt!<\/p>\n<h3>\u00dcber Christian<\/h3>\n<p>Christian Griesbeck z\u00e4hlt zu Deutschlands gefragtesten Experten f\u00fcr historische T\u00e4nze. Sein beeindruckendes Repertoire reicht von der Renaissance bis ins 19. Jahrhundert. Neben seinen Kursen forscht und schreibt er zur Tanzgeschichte, spielt historische Musik ein, n\u00e4ht Kost\u00fcme und tritt zusammen mit seiner Partnerin mit rekonstruierten T\u00e4nzen auf. Sein Schwerpunkt ist die Zeit des Barock und Rokoko.<\/p>\n<p><a class=\"button\" href=\"https:\/\/festival.elbenwald.de\/tickets\/\" rel=\"noopener\">Jetzt Ticket sichern<\/a><\/p>\n<p><a class=\"button-minimal\" href=\"https:\/\/www.elbenwald.de\/Festival\/line-up\/\" rel=\"noopener\">Zum Line-Up<\/a><\/p>\n\t\t\t<style>\r\n                #foogallery-gallery-9953.fg-masonry .fg-item {\r\n                    width: 300px;\r\n                    margin-right: 15px;\r\n                    margin-bottom: 15px;\r\n                }\r\n\t\t\t<\/style>\r\n\t\t\t<div class=\"foogallery foogallery-container foogallery-masonry foogallery-lightbox-foobox fg-masonry fg-light fg-loading-default fg-loaded-fade-in fg-caption-hover fg-hover-fade fg-hover-zoom fg-ready fg-fixed\" id=\"foogallery-gallery-9953\" data-foogallery=\"{&quot;item&quot;:{&quot;showCaptionTitle&quot;:true,&quot;showCaptionDescription&quot;:true},&quot;lazy&quot;:true,&quot;template&quot;:{&quot;columnWidth&quot;:300,&quot;gutter&quot;:15}}\" >\r\n\t\t<div class=\"fg-item fg-type-image fg-idle\"><figure class=\"fg-item-inner\"><a href=\"https:\/\/www.elbenwald.de\/Festival\/wp-content\/uploads\/EWF25_Tanzwiese_RobinSchmiedebachPhoto_20250810-111102.jpg\" data-caption-title=\"Historische T\u00e4nze\" data-caption-desc=\"Foto: Robin Schmiedebach\" data-attachment-id=\"9842\" data-type=\"image\" class=\"fg-thumb\"><span class=\"fg-image-wrap\"><img fetchpriority=\"high\" decoding=\"async\" alt=\"Menschen in bunten Kost\u00fcmen tanzen Hand in Hand auf dem Elbenwald Festival, umgeben von gr\u00fcnen B\u00e4umen und strahlend blauem Himmel. Die fr\u00f6hliche Atmosph\u00e4re spiegelt die Vielfalt der Teilnehmer und die Gemeinschaft der Nerd-Kultur wider.\" title=\"Historische T\u00e4nze\" width=\"300\" height=\"200\" class=\"skip-lazy fg-image\" data-src-fg=\"https:\/\/www.elbenwald.de\/Festival\/wp-content\/uploads\/cache\/EWF25_Tanzwiese_RobinSchmiedebachPhoto_20250810-111102\/3523823536.jpg\" src=\"data:image\/svg+xml,%3Csvg%20xmlns%3D%22http%3A%2F%2Fwww.w3.org%2F2000%2Fsvg%22%20width%3D%22300%22%20height%3D%22200%22%20viewBox%3D%220%200%20300%20200%22%3E%3C%2Fsvg%3E\" loading=\"eager\"><\/span><span class=\"fg-image-overlay\"><\/span><\/a><figcaption class=\"fg-caption\"><div class=\"fg-caption-inner\"><div class=\"fg-caption-title\">Historische T\u00e4nze<\/div><div class=\"fg-caption-desc\">Foto: Robin Schmiedebach<\/div><\/div><\/figcaption><\/figure><div class=\"fg-loader\"><\/div><\/div><div class=\"fg-item fg-type-image fg-idle\"><figure class=\"fg-item-inner\"><a href=\"https:\/\/www.elbenwald.de\/Festival\/wp-content\/uploads\/EWF25_Tanzen_Rainer_Keuenhof_R6_13869.jpg\" data-caption-title=\"Historische T\u00e4nze\" data-caption-desc=\"Foto: Rainer Keuenhof\" data-attachment-id=\"9469\" data-type=\"image\" class=\"fg-thumb\"><span class=\"fg-image-wrap\"><img decoding=\"async\" alt=\"Bunte Menschenmenge beim Elbenwald Festival, verkleidet in fantasievollen Kost\u00fcmen, tanzt und feiert auf einer Wiese. Die Atmosph\u00e4re ist lebhaft, mit einer Mischung aus Musik und kreativen Darstellungen, die den nerdigen Charakter des Festivals unterstreichen.\" title=\"Historische T\u00e4nze\" width=\"300\" height=\"200\" class=\"skip-lazy fg-image\" data-src-fg=\"https:\/\/www.elbenwald.de\/Festival\/wp-content\/uploads\/cache\/EWF25_Tanzen_Rainer_Keuenhof_R6_13869\/1378147763.jpg\" src=\"data:image\/svg+xml,%3Csvg%20xmlns%3D%22http%3A%2F%2Fwww.w3.org%2F2000%2Fsvg%22%20width%3D%22300%22%20height%3D%22200%22%20viewBox%3D%220%200%20300%20200%22%3E%3C%2Fsvg%3E\" loading=\"eager\"><\/span><span class=\"fg-image-overlay\"><\/span><\/a><figcaption class=\"fg-caption\"><div class=\"fg-caption-inner\"><div class=\"fg-caption-title\">Historische T\u00e4nze<\/div><div class=\"fg-caption-desc\">Foto: Rainer Keuenhof<\/div><\/div><\/figcaption><\/figure><div class=\"fg-loader\"><\/div><\/div><div class=\"fg-item fg-type-image fg-idle\"><figure class=\"fg-item-inner\"><a href=\"https:\/\/www.elbenwald.de\/Festival\/wp-content\/uploads\/EWF25_Tanzen_Rainer_Keuenhof_H80A3946.jpg\" data-caption-title=\"Historische T\u00e4nze\" data-caption-desc=\"Foto: Rainer Keuenhof\" data-attachment-id=\"9467\" data-type=\"image\" class=\"fg-thumb\"><span class=\"fg-image-wrap\"><img decoding=\"async\" alt=\"Bunt gekleidete Festivalbesucher interagieren auf dem Elbenwald Festival, umgeben von Blumen und einer lebendigen Atmosph\u00e4re. Die Szene zeigt Kost\u00fcme und kreative Outfits, die die Vielfalt der Nerd- und Fantasiekultur feiern.\" title=\"Historische T\u00e4nze\" width=\"300\" height=\"200\" class=\"skip-lazy fg-image\" data-src-fg=\"https:\/\/www.elbenwald.de\/Festival\/wp-content\/uploads\/cache\/EWF25_Tanzen_Rainer_Keuenhof_H80A3946\/3223879587.jpg\" src=\"data:image\/svg+xml,%3Csvg%20xmlns%3D%22http%3A%2F%2Fwww.w3.org%2F2000%2Fsvg%22%20width%3D%22300%22%20height%3D%22200%22%20viewBox%3D%220%200%20300%20200%22%3E%3C%2Fsvg%3E\" loading=\"eager\"><\/span><span class=\"fg-image-overlay\"><\/span><\/a><figcaption class=\"fg-caption\"><div class=\"fg-caption-inner\"><div class=\"fg-caption-title\">Historische T\u00e4nze<\/div><div class=\"fg-caption-desc\">Foto: Rainer Keuenhof<\/div><\/div><\/figcaption><\/figure><div class=\"fg-loader\"><\/div><\/div><div class=\"fg-item fg-type-image fg-idle\"><figure class=\"fg-item-inner\"><a href=\"https:\/\/www.elbenwald.de\/Festival\/wp-content\/uploads\/EWF25_Tanzen_Rainer_Keuenhof_R6_13858.jpg\" data-caption-desc=\"Foto: Rainer Keuenhof\" data-attachment-id=\"9468\" data-type=\"image\" class=\"fg-thumb\"><span class=\"fg-image-wrap\"><img decoding=\"async\" alt=\"Ein Mann in historischer Kleidung mit einem Zylinderhut l\u00e4uft durch einen mit Lichtern geschm\u00fcckten Gartenweg. Die Szenerie strahlt eine festliche Atmosph\u00e4re aus, passend zum Elbenwald Festival, das Musik und nerdige Kultur vereint.\" width=\"300\" height=\"450\" class=\"skip-lazy fg-image\" data-src-fg=\"https:\/\/www.elbenwald.de\/Festival\/wp-content\/uploads\/cache\/EWF25_Tanzen_Rainer_Keuenhof_R6_13858\/1651406206.jpg\" src=\"data:image\/svg+xml,%3Csvg%20xmlns%3D%22http%3A%2F%2Fwww.w3.org%2F2000%2Fsvg%22%20width%3D%22300%22%20height%3D%22450%22%20viewBox%3D%220%200%20300%20450%22%3E%3C%2Fsvg%3E\" loading=\"eager\"><\/span><span class=\"fg-image-overlay\"><\/span><\/a><figcaption class=\"fg-caption\"><div class=\"fg-caption-inner\"><div class=\"fg-caption-desc\">Foto: Rainer Keuenhof<\/div><\/div><\/figcaption><\/figure><div class=\"fg-loader\"><\/div><\/div><div class=\"fg-item fg-type-image fg-idle\"><figure class=\"fg-item-inner\"><a href=\"https:\/\/www.elbenwald.de\/Festival\/wp-content\/uploads\/EWF23_TaenzefuerElben_RainerKeuenhof_R6_13516_20230813124912.jpg\" data-caption-title=\"Historische T\u00e4nze\" data-caption-desc=\"Foto: Rainer Keuenhof\" data-attachment-id=\"7129\" data-type=\"image\" class=\"fg-thumb\"><span class=\"fg-image-wrap\"><img decoding=\"async\" title=\"Historische T\u00e4nze\" width=\"300\" height=\"200\" class=\"skip-lazy fg-image\" data-src-fg=\"https:\/\/www.elbenwald.de\/Festival\/wp-content\/uploads\/cache\/EWF23_TaenzefuerElben_RainerKeuenhof_R6_13516_20230813124912\/2591515269.jpg\" src=\"data:image\/svg+xml,%3Csvg%20xmlns%3D%22http%3A%2F%2Fwww.w3.org%2F2000%2Fsvg%22%20width%3D%22300%22%20height%3D%22200%22%20viewBox%3D%220%200%20300%20200%22%3E%3C%2Fsvg%3E\" loading=\"eager\"><\/span><span class=\"fg-image-overlay\"><\/span><\/a><figcaption class=\"fg-caption\"><div class=\"fg-caption-inner\"><div class=\"fg-caption-title\">Historische T\u00e4nze<\/div><div class=\"fg-caption-desc\">Foto: Rainer Keuenhof<\/div><\/div><\/figcaption><\/figure><div class=\"fg-loader\"><\/div><\/div><div class=\"fg-item fg-type-image fg-idle\"><figure class=\"fg-item-inner\"><a href=\"https:\/\/www.elbenwald.de\/Festival\/wp-content\/uploads\/EWF23_TaenzefuerElben_RainerKeuenhof_R6_13511_20230813124737.jpg\" data-caption-title=\"Historische T\u00e4nze\" data-caption-desc=\"Foto: Rainer Keuenhof\" data-attachment-id=\"7128\" data-type=\"image\" class=\"fg-thumb\"><span class=\"fg-image-wrap\"><img decoding=\"async\" title=\"Historische T\u00e4nze\" width=\"300\" height=\"200\" class=\"skip-lazy fg-image\" data-src-fg=\"https:\/\/www.elbenwald.de\/Festival\/wp-content\/uploads\/cache\/EWF23_TaenzefuerElben_RainerKeuenhof_R6_13511_20230813124737\/3878557297.jpg\" src=\"data:image\/svg+xml,%3Csvg%20xmlns%3D%22http%3A%2F%2Fwww.w3.org%2F2000%2Fsvg%22%20width%3D%22300%22%20height%3D%22200%22%20viewBox%3D%220%200%20300%20200%22%3E%3C%2Fsvg%3E\" loading=\"eager\"><\/span><span class=\"fg-image-overlay\"><\/span><\/a><figcaption class=\"fg-caption\"><div class=\"fg-caption-inner\"><div class=\"fg-caption-title\">Historische T\u00e4nze<\/div><div class=\"fg-caption-desc\">Foto: Rainer Keuenhof<\/div><\/div><\/figcaption><\/figure><div class=\"fg-loader\"><\/div><\/div><div class=\"fg-item fg-type-image fg-idle\"><figure class=\"fg-item-inner\"><a href=\"https:\/\/www.elbenwald.de\/Festival\/wp-content\/uploads\/EWF23_TaenzefuerElben_RainerKeuenhof_H80A3048_20230813124751.jpg\" data-caption-title=\"Historische T\u00e4nze\" data-caption-desc=\"Foto: Rainer Keuenhof\" data-attachment-id=\"7127\" data-type=\"image\" class=\"fg-thumb\"><span class=\"fg-image-wrap\"><img decoding=\"async\" title=\"Historische T\u00e4nze\" width=\"300\" height=\"200\" class=\"skip-lazy fg-image\" data-src-fg=\"https:\/\/www.elbenwald.de\/Festival\/wp-content\/uploads\/cache\/EWF23_TaenzefuerElben_RainerKeuenhof_H80A3048_20230813124751\/3488188976.jpg\" src=\"data:image\/svg+xml,%3Csvg%20xmlns%3D%22http%3A%2F%2Fwww.w3.org%2F2000%2Fsvg%22%20width%3D%22300%22%20height%3D%22200%22%20viewBox%3D%220%200%20300%20200%22%3E%3C%2Fsvg%3E\" loading=\"eager\"><\/span><span class=\"fg-image-overlay\"><\/span><\/a><figcaption class=\"fg-caption\"><div class=\"fg-caption-inner\"><div class=\"fg-caption-title\">Historische T\u00e4nze<\/div><div class=\"fg-caption-desc\">Foto: Rainer Keuenhof<\/div><\/div><\/figcaption><\/figure><div class=\"fg-loader\"><\/div><\/div><div class=\"fg-item fg-type-image fg-idle\"><figure class=\"fg-item-inner\"><a href=\"https:\/\/www.elbenwald.de\/Festival\/wp-content\/uploads\/ewf22_sa_tanzelben_ginawetzler_gw_9027.jpg\" data-caption-desc=\"Foto: Gina Wetzler\" data-attachment-id=\"6073\" data-type=\"image\" class=\"fg-thumb\"><span class=\"fg-image-wrap\"><img decoding=\"async\" width=\"300\" height=\"200\" class=\"skip-lazy fg-image\" data-src-fg=\"https:\/\/www.elbenwald.de\/Festival\/wp-content\/uploads\/cache\/ewf22_sa_tanzelben_ginawetzler_gw_9027\/3489347124.jpg\" src=\"data:image\/svg+xml,%3Csvg%20xmlns%3D%22http%3A%2F%2Fwww.w3.org%2F2000%2Fsvg%22%20width%3D%22300%22%20height%3D%22200%22%20viewBox%3D%220%200%20300%20200%22%3E%3C%2Fsvg%3E\" loading=\"eager\"><\/span><span class=\"fg-image-overlay\"><\/span><\/a><figcaption class=\"fg-caption\"><div class=\"fg-caption-inner\"><div class=\"fg-caption-desc\">Foto: Gina Wetzler<\/div><\/div><\/figcaption><\/figure><div class=\"fg-loader\"><\/div><\/div><div class=\"fg-item fg-type-image fg-idle\"><figure class=\"fg-item-inner\"><a href=\"https:\/\/www.elbenwald.de\/Festival\/wp-content\/uploads\/ewf22_sa_tanzelben_ginawetzler_gw_2249.jpg\" data-caption-desc=\"Foto: Gina Wetzler\" data-attachment-id=\"6057\" data-type=\"image\" class=\"fg-thumb\"><span class=\"fg-image-wrap\"><img decoding=\"async\" width=\"300\" height=\"200\" class=\"skip-lazy fg-image\" data-src-fg=\"https:\/\/www.elbenwald.de\/Festival\/wp-content\/uploads\/cache\/ewf22_sa_tanzelben_ginawetzler_gw_2249\/2476219512.jpg\" src=\"data:image\/svg+xml,%3Csvg%20xmlns%3D%22http%3A%2F%2Fwww.w3.org%2F2000%2Fsvg%22%20width%3D%22300%22%20height%3D%22200%22%20viewBox%3D%220%200%20300%20200%22%3E%3C%2Fsvg%3E\" loading=\"eager\"><\/span><span class=\"fg-image-overlay\"><\/span><\/a><figcaption class=\"fg-caption\"><div class=\"fg-caption-inner\"><div class=\"fg-caption-desc\">Foto: Gina Wetzler<\/div><\/div><\/figcaption><\/figure><div class=\"fg-loader\"><\/div><\/div><div class=\"fg-item fg-type-image fg-idle\"><figure class=\"fg-item-inner\"><a href=\"https:\/\/www.elbenwald.de\/Festival\/wp-content\/uploads\/ewf22_sa_tanzelben_ginawetzler_gw_2240.jpg\" data-caption-desc=\"Foto: Gina Wetzler\" data-attachment-id=\"6056\" data-type=\"image\" class=\"fg-thumb\"><span class=\"fg-image-wrap\"><img decoding=\"async\" width=\"300\" height=\"200\" class=\"skip-lazy fg-image\" data-src-fg=\"https:\/\/www.elbenwald.de\/Festival\/wp-content\/uploads\/cache\/ewf22_sa_tanzelben_ginawetzler_gw_2240\/2508086454.jpg\" src=\"data:image\/svg+xml,%3Csvg%20xmlns%3D%22http%3A%2F%2Fwww.w3.org%2F2000%2Fsvg%22%20width%3D%22300%22%20height%3D%22200%22%20viewBox%3D%220%200%20300%20200%22%3E%3C%2Fsvg%3E\" loading=\"eager\"><\/span><span class=\"fg-image-overlay\"><\/span><\/a><figcaption class=\"fg-caption\"><div class=\"fg-caption-inner\"><div class=\"fg-caption-desc\">Foto: Gina Wetzler<\/div><\/div><\/figcaption><\/figure><div class=\"fg-loader\"><\/div><\/div><div class=\"fg-item fg-type-image fg-idle\"><figure class=\"fg-item-inner\"><a href=\"https:\/\/www.elbenwald.de\/Festival\/wp-content\/uploads\/ewf22_fr_tanzenfuermenschen_ginawetzler_gw_-_32_.jpg\" data-caption-desc=\"Foto: Gina Wetzler\" data-attachment-id=\"5943\" data-type=\"image\" class=\"fg-thumb\"><span class=\"fg-image-wrap\"><img decoding=\"async\" width=\"300\" height=\"200\" class=\"skip-lazy fg-image\" data-src-fg=\"https:\/\/www.elbenwald.de\/Festival\/wp-content\/uploads\/cache\/ewf22_fr_tanzenfuermenschen_ginawetzler_gw_-_32_\/1197304710.jpg\" src=\"data:image\/svg+xml,%3Csvg%20xmlns%3D%22http%3A%2F%2Fwww.w3.org%2F2000%2Fsvg%22%20width%3D%22300%22%20height%3D%22200%22%20viewBox%3D%220%200%20300%20200%22%3E%3C%2Fsvg%3E\" loading=\"eager\"><\/span><span class=\"fg-image-overlay\"><\/span><\/a><figcaption class=\"fg-caption\"><div class=\"fg-caption-inner\"><div class=\"fg-caption-desc\">Foto: Gina Wetzler<\/div><\/div><\/figcaption><\/figure><div class=\"fg-loader\"><\/div><\/div><div class=\"fg-item fg-type-image fg-idle\"><figure class=\"fg-item-inner\"><a href=\"https:\/\/www.elbenwald.de\/Festival\/wp-content\/uploads\/ewf22_fr_tanzenfuermenschen_ginawetzler_gw_-_26_.jpg\" data-caption-desc=\"Foto: Gina Wetzler\" data-attachment-id=\"5942\" data-type=\"image\" class=\"fg-thumb\"><span class=\"fg-image-wrap\"><img decoding=\"async\" width=\"300\" height=\"200\" class=\"skip-lazy fg-image\" data-src-fg=\"https:\/\/www.elbenwald.de\/Festival\/wp-content\/uploads\/cache\/ewf22_fr_tanzenfuermenschen_ginawetzler_gw_-_26_\/2482728336.jpg\" src=\"data:image\/svg+xml,%3Csvg%20xmlns%3D%22http%3A%2F%2Fwww.w3.org%2F2000%2Fsvg%22%20width%3D%22300%22%20height%3D%22200%22%20viewBox%3D%220%200%20300%20200%22%3E%3C%2Fsvg%3E\" loading=\"eager\"><\/span><span class=\"fg-image-overlay\"><\/span><\/a><figcaption class=\"fg-caption\"><div class=\"fg-caption-inner\"><div class=\"fg-caption-desc\">Foto: Gina Wetzler<\/div><\/div><\/figcaption><\/figure><div class=\"fg-loader\"><\/div><\/div><div class=\"fg-item fg-type-image fg-idle\"><figure class=\"fg-item-inner\"><a href=\"https:\/\/www.elbenwald.de\/Festival\/wp-content\/uploads\/EWF_24_Taenze_wie_bei_Bridgerton_RobinSchmiedebachPhoto_20240802-154915.jpg\" data-caption-desc=\"Foto: Robin Schmiedebach\" data-attachment-id=\"8121\" data-type=\"image\" class=\"fg-thumb\"><span class=\"fg-image-wrap\"><img decoding=\"async\" width=\"300\" height=\"200\" class=\"skip-lazy fg-image\" data-src-fg=\"https:\/\/www.elbenwald.de\/Festival\/wp-content\/uploads\/cache\/EWF_24_Taenze_wie_bei_Bridgerton_RobinSchmiedebachPhoto_20240802-154915\/3310994721.jpg\" src=\"data:image\/svg+xml,%3Csvg%20xmlns%3D%22http%3A%2F%2Fwww.w3.org%2F2000%2Fsvg%22%20width%3D%22300%22%20height%3D%22200%22%20viewBox%3D%220%200%20300%20200%22%3E%3C%2Fsvg%3E\" loading=\"eager\"><\/span><span class=\"fg-image-overlay\"><\/span><\/a><figcaption class=\"fg-caption\"><div class=\"fg-caption-inner\"><div class=\"fg-caption-desc\">Foto: Robin Schmiedebach<\/div><\/div><\/figcaption><\/figure><div class=\"fg-loader\"><\/div><\/div><div class=\"fg-item fg-type-image fg-idle\"><figure class=\"fg-item-inner\"><a href=\"https:\/\/www.elbenwald.de\/Festival\/wp-content\/uploads\/EWF_24_Taenze_wie_bei_Bridgerton_RobinSchmiedebachPhoto_20240802-154558.jpg\" data-caption-desc=\"Foto: Robin Schmiedebach\" data-attachment-id=\"8120\" data-type=\"image\" class=\"fg-thumb\"><span class=\"fg-image-wrap\"><img decoding=\"async\" width=\"300\" height=\"200\" class=\"skip-lazy fg-image\" data-src-fg=\"https:\/\/www.elbenwald.de\/Festival\/wp-content\/uploads\/cache\/EWF_24_Taenze_wie_bei_Bridgerton_RobinSchmiedebachPhoto_20240802-154558\/4002702102.jpg\" src=\"data:image\/svg+xml,%3Csvg%20xmlns%3D%22http%3A%2F%2Fwww.w3.org%2F2000%2Fsvg%22%20width%3D%22300%22%20height%3D%22200%22%20viewBox%3D%220%200%20300%20200%22%3E%3C%2Fsvg%3E\" loading=\"eager\"><\/span><span class=\"fg-image-overlay\"><\/span><\/a><figcaption class=\"fg-caption\"><div class=\"fg-caption-inner\"><div class=\"fg-caption-desc\">Foto: Robin Schmiedebach<\/div><\/div><\/figcaption><\/figure><div class=\"fg-loader\"><\/div><\/div><\/div>\n","protected":false},"excerpt":{"rendered":"<p>Christian Griesbeck, DER Experte f\u00fcr historische T\u00e4nze, entf\u00fchrt uns auch 2026 in die wunderbare Welt des Tanzens \u2013 Popkulturthemen inklusive. <\/p>\n","protected":false},"author":4,"featured_media":10008,"parent":30,"menu_order":1400,"comment_status":"closed","ping_status":"closed","template":"templates\/grid-page.php","meta":{"inline_featured_image":false,"footnotes":""},"class_list":["post-5141","page","type-page","status-publish","has-post-thumbnail","hentry"],"aioseo_notices":[],"_links":{"self":[{"href":"https:\/\/www.elbenwald.de\/Festival\/wp-json\/wp\/v2\/pages\/5141","targetHints":{"allow":["GET"]}}],"collection":[{"href":"https:\/\/www.elbenwald.de\/Festival\/wp-json\/wp\/v2\/pages"}],"about":[{"href":"https:\/\/www.elbenwald.de\/Festival\/wp-json\/wp\/v2\/types\/page"}],"author":[{"embeddable":true,"href":"https:\/\/www.elbenwald.de\/Festival\/wp-json\/wp\/v2\/users\/4"}],"replies":[{"embeddable":true,"href":"https:\/\/www.elbenwald.de\/Festival\/wp-json\/wp\/v2\/comments?post=5141"}],"version-history":[{"count":13,"href":"https:\/\/www.elbenwald.de\/Festival\/wp-json\/wp\/v2\/pages\/5141\/revisions"}],"predecessor-version":[{"id":10044,"href":"https:\/\/www.elbenwald.de\/Festival\/wp-json\/wp\/v2\/pages\/5141\/revisions\/10044"}],"up":[{"embeddable":true,"href":"https:\/\/www.elbenwald.de\/Festival\/wp-json\/wp\/v2\/pages\/30"}],"wp:featuredmedia":[{"embeddable":true,"href":"https:\/\/www.elbenwald.de\/Festival\/wp-json\/wp\/v2\/media\/10008"}],"wp:attachment":[{"href":"https:\/\/www.elbenwald.de\/Festival\/wp-json\/wp\/v2\/media?parent=5141"}],"curies":[{"name":"wp","href":"https:\/\/api.w.org\/{rel}","templated":true}]}}