{"id":3986,"date":"2025-12-12T16:03:26","date_gmt":"2025-12-12T15:03:26","guid":{"rendered":"https:\/\/www.elbenwald.de\/Festival\/?page_id=3986"},"modified":"2025-12-12T16:03:26","modified_gmt":"2025-12-12T15:03:26","slug":"elbenwald-cosplay-contest","status":"publish","type":"page","link":"https:\/\/www.elbenwald.de\/Festival\/line-up\/elbenwald-cosplay-contest\/","title":{"rendered":"Elbenwald Cosplay Contest"},"content":{"rendered":"<h2>Elbenwald Cosplay Contest<\/h2>\n<figure id=\"attachment_9995\" aria-describedby=\"caption-attachment-9995\" style=\"width: 500px\" class=\"wp-caption alignright\"><img loading=\"lazy\" decoding=\"async\" class=\"wp-image-9995\" title=\"Elbenwald Cosplay Contest, Foto: Rainer Keuenhof\" src=\"https:\/\/www.elbenwald.de\/Festival\/wp-content\/uploads\/elbenwald-cosplay-contest_768x768px-300x300.jpg\" alt=\"Eine Person in einem eleganten, wei\u00dfen Kost\u00fcm mit R\u00fcschen und Perlen steht auf der B\u00fchne des Elbenwald Festivals, umgeben von Zuschauern. Die Atmosph\u00e4re ist lebhaft und kreativ, ideal f\u00fcr Fans von Musik und Popkultur.\" width=\"500\" height=\"500\" srcset=\"https:\/\/www.elbenwald.de\/Festival\/wp-content\/uploads\/elbenwald-cosplay-contest_768x768px-300x300.jpg 300w, https:\/\/www.elbenwald.de\/Festival\/wp-content\/uploads\/elbenwald-cosplay-contest_768x768px-150x150.jpg 150w, https:\/\/www.elbenwald.de\/Festival\/wp-content\/uploads\/elbenwald-cosplay-contest_768x768px.jpg 768w\" sizes=\"auto, (max-width: 500px) 100vw, 500px\" \/><figcaption id=\"caption-attachment-9995\" class=\"wp-caption-text\">Elbenwald Cosplay Contest, Foto: Rainer Keuenhof<\/figcaption><\/figure>\n<p>Einen Tag der Protagonist aus deinem Lieblingsspiel sein, das w\u00e4r\u2019s. Oder die Heldin aus deinem Lieblingsfilm? Vielleicht doch lieber der Schurke? Alle Fans haben doch mal davon getr\u00e4umt, in die Haut eines fiktiven Vorbilds zu schl\u00fcpfen. Und genau diesen Traum leben die Cosplayer:innen dieser Welt \u2013 mit allem Drum und Dran!<\/p>\n<p>Das ist nicht nur f\u00fcr Cosplayende \u2018ne super Sache, sondern f\u00fcr alle! Sieht schlie\u00dflich immer MEGA aus! Und weil das so ist, gibt\u2019s auf dem <strong><a title=\"Startseite\" href=\"https:\/\/www.elbenwald.de\/Festival\/\">Elbenwald Festival 2026<\/a><\/strong> erneut einen gro\u00dfen Cosplay Contest! Was es neben dem Hauptpreis von 1.000 Euro noch zu gewinnen gibt und wer in der Jury sitzt, geben wir rechtzeitig vor Festivalbeginn bekannt.<\/p>\n<p><a class=\"button\" href=\"https:\/\/festival.elbenwald.de\/tickets\/\" rel=\"noopener\">Jetzt Ticket sichern<\/a><\/p>\n<p><a class=\"button-minimal\" href=\"https:\/\/www.elbenwald.de\/Festival\/aktivitaeten\/\" rel=\"noopener\">Zu allen Aktivit\u00e4ten<\/a><\/p>\n<hr \/>\n<h2>Teilnahmeinfos<\/h2>\n<ul>\n<li>F\u00fcr die Teilnahme am Cosplay Contest meldest du dich bitte bis zum 28. Juni 2026 per E-Mail an <strong><a href=\"mailto:contest@elbenwald-festival.de\" target=\"_blank\" rel=\"noopener\">contest@elbenwald-festival.de<\/a><\/strong> an. Wir ben\u00f6tigen von dir folgende Infos:<\/li>\n<li>Name, Adresse, Geburtsdatum<\/li>\n<li>Charakter mit Beschreibung<\/li>\n<li>Was ist selbstgemacht, was gekauft?<\/li>\n<li>Welche Requisiten sind dabei? Gibt es Besonderheiten?<\/li>\n<li>Fotos vom Cosplay<\/li>\n<li>Ordnest du dich selbst in die Kategorie Cosplay-Profi oder Newcomer ein?<\/li>\n<li>Hast du schon bei Cosplay-Wettbewerben gewonnen? Wenn ja, welche?<\/li>\n<li>Ist eine Begleitung n\u00f6tig (Stageninja)?<\/li>\n<li>Audio Datei: max. 2 Minuten lang, kann bei Finaleinzug nachgereicht werden<\/li>\n<\/ul>\n<h2>Regeln<\/h2>\n<ul>\n<li>Teilnahme ab 16 Jahren (unter 18 Jahren mit Einverst\u00e4ndniserkl\u00e4rung der Eltern)<\/li>\n<li>Crossover und Genderbend sind erlaubt<\/li>\n<li>Keine pyrotechnischen Erzeugnisse, offenes Feuer, Schaum oder schaumerzeugende Substanzen, Wasserstrahlen oder sonstige Fl\u00fcssigkeiten<\/li>\n<li>Kein beleidigendes Verhalten<\/li>\n<li>Cosplay-Waffen: Nur, was auf dem Gel\u00e4nde erlaubt ist (also nichts scharfes oder spitzes, Schusswaffenattrappen nur ohne Funktion)<\/li>\n<li>Keine lebenden Tiere<\/li>\n<li>Es darf nichts ins Publikum geworfen werden<\/li>\n<li>Gruppen bis max. 3 Personen m\u00f6glich<\/li>\n<\/ul>\n<p>Aus allen Bewerbungen werden zehn Finalist:innen gew\u00e4hlt, die, zusammen mit einer Begleitperson, ein kostenloses Ticket f\u00fcr das <strong>Elbenwald Festival 2026<\/strong>\u00a0erhalten (Anreise und \u00dcbernachtung m\u00fcssen selbst getragen werden).<\/p>\n<hr \/>\n<h3><i class=\"fa fa-camera\" aria-hidden=\"true\"><\/i> Cosplays auf dem Elbenwald Festival<\/h3>\n\t\t\t<style>\r\n                #foogallery-gallery-4069.fg-masonry .fg-item {\r\n                    width: 300px;\r\n                    margin-right: 15px;\r\n                    margin-bottom: 15px;\r\n                }\r\n\t\t\t<\/style>\r\n\t\t\t<div class=\"foogallery foogallery-container foogallery-masonry foogallery-lightbox-foobox fg-masonry fg-light fg-loading-default fg-loaded-fade-in fg-caption-hover fg-hover-fade fg-hover-zoom fg-ready fg-fixed\" id=\"foogallery-gallery-4069\" data-foogallery=\"{&quot;item&quot;:{&quot;showCaptionTitle&quot;:true,&quot;showCaptionDescription&quot;:true},&quot;lazy&quot;:true,&quot;template&quot;:{&quot;columnWidth&quot;:300,&quot;gutter&quot;:15}}\" >\r\n\t\t<div class=\"fg-item fg-type-image fg-idle\"><figure class=\"fg-item-inner\"><a href=\"https:\/\/www.elbenwald.de\/Festival\/wp-content\/uploads\/DSC03658_web.jpg\" data-caption-desc=\"Foto: Heiner Stephan\" data-attachment-id=\"6319\" data-type=\"image\" class=\"fg-thumb\"><span class=\"fg-image-wrap\"><img fetchpriority=\"high\" decoding=\"async\" width=\"300\" height=\"450\" class=\"skip-lazy fg-image\" data-src-fg=\"https:\/\/www.elbenwald.de\/Festival\/wp-content\/uploads\/cache\/DSC03658_web\/3843994775.jpg\" src=\"data:image\/svg+xml,%3Csvg%20xmlns%3D%22http%3A%2F%2Fwww.w3.org%2F2000%2Fsvg%22%20width%3D%22300%22%20height%3D%22450%22%20viewBox%3D%220%200%20300%20450%22%3E%3C%2Fsvg%3E\" loading=\"eager\"><\/span><span class=\"fg-image-overlay\"><\/span><\/a><figcaption class=\"fg-caption\"><div class=\"fg-caption-inner\"><div class=\"fg-caption-desc\">Foto: Heiner Stephan<\/div><\/div><\/figcaption><\/figure><div class=\"fg-loader\"><\/div><\/div><div class=\"fg-item fg-type-image fg-idle\"><figure class=\"fg-item-inner\"><a href=\"https:\/\/www.elbenwald.de\/Festival\/wp-content\/uploads\/DSC04374_web.jpg\" data-caption-desc=\"Foto: Heiner Stephan\" data-attachment-id=\"6326\" data-type=\"image\" class=\"fg-thumb\"><span class=\"fg-image-wrap\"><img decoding=\"async\" width=\"300\" height=\"450\" class=\"skip-lazy fg-image\" data-src-fg=\"https:\/\/www.elbenwald.de\/Festival\/wp-content\/uploads\/cache\/DSC04374_web\/2434178770.jpg\" src=\"data:image\/svg+xml,%3Csvg%20xmlns%3D%22http%3A%2F%2Fwww.w3.org%2F2000%2Fsvg%22%20width%3D%22300%22%20height%3D%22450%22%20viewBox%3D%220%200%20300%20450%22%3E%3C%2Fsvg%3E\" loading=\"eager\"><\/span><span class=\"fg-image-overlay\"><\/span><\/a><figcaption class=\"fg-caption\"><div class=\"fg-caption-inner\"><div class=\"fg-caption-desc\">Foto: Heiner Stephan<\/div><\/div><\/figcaption><\/figure><div class=\"fg-loader\"><\/div><\/div><div class=\"fg-item fg-type-image fg-idle\"><figure class=\"fg-item-inner\"><a href=\"https:\/\/www.elbenwald.de\/Festival\/wp-content\/uploads\/DSC03044_web.jpg\" data-caption-desc=\"Foto: Heiner Stephan\" data-attachment-id=\"6317\" data-type=\"image\" class=\"fg-thumb\"><span class=\"fg-image-wrap\"><img decoding=\"async\" width=\"300\" height=\"200\" class=\"skip-lazy fg-image\" data-src-fg=\"https:\/\/www.elbenwald.de\/Festival\/wp-content\/uploads\/cache\/DSC03044_web\/408277798.jpg\" src=\"data:image\/svg+xml,%3Csvg%20xmlns%3D%22http%3A%2F%2Fwww.w3.org%2F2000%2Fsvg%22%20width%3D%22300%22%20height%3D%22200%22%20viewBox%3D%220%200%20300%20200%22%3E%3C%2Fsvg%3E\" loading=\"eager\"><\/span><span class=\"fg-image-overlay\"><\/span><\/a><figcaption class=\"fg-caption\"><div class=\"fg-caption-inner\"><div class=\"fg-caption-desc\">Foto: Heiner Stephan<\/div><\/div><\/figcaption><\/figure><div class=\"fg-loader\"><\/div><\/div><div class=\"fg-item fg-type-image fg-idle\"><figure class=\"fg-item-inner\"><a href=\"https:\/\/www.elbenwald.de\/Festival\/wp-content\/uploads\/DSC03705_web.jpg\" data-caption-desc=\"Foto: Heiner Stephan\" data-attachment-id=\"6320\" data-type=\"image\" class=\"fg-thumb\"><span class=\"fg-image-wrap\"><img decoding=\"async\" width=\"300\" height=\"200\" class=\"skip-lazy fg-image\" data-src-fg=\"https:\/\/www.elbenwald.de\/Festival\/wp-content\/uploads\/cache\/DSC03705_web\/2399773011.jpg\" src=\"data:image\/svg+xml,%3Csvg%20xmlns%3D%22http%3A%2F%2Fwww.w3.org%2F2000%2Fsvg%22%20width%3D%22300%22%20height%3D%22200%22%20viewBox%3D%220%200%20300%20200%22%3E%3C%2Fsvg%3E\" loading=\"eager\"><\/span><span class=\"fg-image-overlay\"><\/span><\/a><figcaption class=\"fg-caption\"><div class=\"fg-caption-inner\"><div class=\"fg-caption-desc\">Foto: Heiner Stephan<\/div><\/div><\/figcaption><\/figure><div class=\"fg-loader\"><\/div><\/div><div class=\"fg-item fg-type-image fg-idle\"><figure class=\"fg-item-inner\"><a href=\"https:\/\/www.elbenwald.de\/Festival\/wp-content\/uploads\/DSC02412_web.jpg\" data-caption-desc=\"Foto: Heiner Stephan\" data-attachment-id=\"6316\" data-type=\"image\" class=\"fg-thumb\"><span class=\"fg-image-wrap\"><img decoding=\"async\" width=\"300\" height=\"200\" class=\"skip-lazy fg-image\" data-src-fg=\"https:\/\/www.elbenwald.de\/Festival\/wp-content\/uploads\/cache\/DSC02412_web\/3007724464.jpg\" src=\"data:image\/svg+xml,%3Csvg%20xmlns%3D%22http%3A%2F%2Fwww.w3.org%2F2000%2Fsvg%22%20width%3D%22300%22%20height%3D%22200%22%20viewBox%3D%220%200%20300%20200%22%3E%3C%2Fsvg%3E\" loading=\"eager\"><\/span><span class=\"fg-image-overlay\"><\/span><\/a><figcaption class=\"fg-caption\"><div class=\"fg-caption-inner\"><div class=\"fg-caption-desc\">Foto: Heiner Stephan<\/div><\/div><\/figcaption><\/figure><div class=\"fg-loader\"><\/div><\/div><div class=\"fg-item fg-type-image fg-idle\"><figure class=\"fg-item-inner\"><a href=\"https:\/\/www.elbenwald.de\/Festival\/wp-content\/uploads\/DSC03713_web.jpg\" data-caption-desc=\"Foto: Heiner Stephan\" data-attachment-id=\"6321\" data-type=\"image\" class=\"fg-thumb\"><span class=\"fg-image-wrap\"><img decoding=\"async\" width=\"300\" height=\"450\" class=\"skip-lazy fg-image\" data-src-fg=\"https:\/\/www.elbenwald.de\/Festival\/wp-content\/uploads\/cache\/DSC03713_web\/1156872096.jpg\" src=\"data:image\/svg+xml,%3Csvg%20xmlns%3D%22http%3A%2F%2Fwww.w3.org%2F2000%2Fsvg%22%20width%3D%22300%22%20height%3D%22450%22%20viewBox%3D%220%200%20300%20450%22%3E%3C%2Fsvg%3E\" loading=\"eager\"><\/span><span class=\"fg-image-overlay\"><\/span><\/a><figcaption class=\"fg-caption\"><div class=\"fg-caption-inner\"><div class=\"fg-caption-desc\">Foto: Heiner Stephan<\/div><\/div><\/figcaption><\/figure><div class=\"fg-loader\"><\/div><\/div><div class=\"fg-item fg-type-image fg-idle\"><figure class=\"fg-item-inner\"><a href=\"https:\/\/www.elbenwald.de\/Festival\/wp-content\/uploads\/DSC03795_web.jpg\" data-caption-desc=\"Foto: Heiner Stephan\" data-attachment-id=\"6323\" data-type=\"image\" class=\"fg-thumb\"><span class=\"fg-image-wrap\"><img decoding=\"async\" width=\"300\" height=\"200\" class=\"skip-lazy fg-image\" data-src-fg=\"https:\/\/www.elbenwald.de\/Festival\/wp-content\/uploads\/cache\/DSC03795_web\/3625341504.jpg\" src=\"data:image\/svg+xml,%3Csvg%20xmlns%3D%22http%3A%2F%2Fwww.w3.org%2F2000%2Fsvg%22%20width%3D%22300%22%20height%3D%22200%22%20viewBox%3D%220%200%20300%20200%22%3E%3C%2Fsvg%3E\" loading=\"eager\"><\/span><span class=\"fg-image-overlay\"><\/span><\/a><figcaption class=\"fg-caption\"><div class=\"fg-caption-inner\"><div class=\"fg-caption-desc\">Foto: Heiner Stephan<\/div><\/div><\/figcaption><\/figure><div class=\"fg-loader\"><\/div><\/div><div class=\"fg-item fg-type-image fg-idle\"><figure class=\"fg-item-inner\"><a href=\"https:\/\/www.elbenwald.de\/Festival\/wp-content\/uploads\/DSC03869_web.jpg\" data-caption-desc=\"Foto: Heiner Stephan\" data-attachment-id=\"6324\" data-type=\"image\" class=\"fg-thumb\"><span class=\"fg-image-wrap\"><img decoding=\"async\" width=\"300\" height=\"450\" class=\"skip-lazy fg-image\" data-src-fg=\"https:\/\/www.elbenwald.de\/Festival\/wp-content\/uploads\/cache\/DSC03869_web\/801775907.jpg\" src=\"data:image\/svg+xml,%3Csvg%20xmlns%3D%22http%3A%2F%2Fwww.w3.org%2F2000%2Fsvg%22%20width%3D%22300%22%20height%3D%22450%22%20viewBox%3D%220%200%20300%20450%22%3E%3C%2Fsvg%3E\" loading=\"eager\"><\/span><span class=\"fg-image-overlay\"><\/span><\/a><figcaption class=\"fg-caption\"><div class=\"fg-caption-inner\"><div class=\"fg-caption-desc\">Foto: Heiner Stephan<\/div><\/div><\/figcaption><\/figure><div class=\"fg-loader\"><\/div><\/div><div class=\"fg-item fg-type-image fg-idle\"><figure class=\"fg-item-inner\"><a href=\"https:\/\/www.elbenwald.de\/Festival\/wp-content\/uploads\/DSC03635_web.jpg\" data-caption-desc=\"Foto: Heiner Stephan\" data-attachment-id=\"6318\" data-type=\"image\" class=\"fg-thumb\"><span class=\"fg-image-wrap\"><img decoding=\"async\" width=\"300\" height=\"450\" class=\"skip-lazy fg-image\" data-src-fg=\"https:\/\/www.elbenwald.de\/Festival\/wp-content\/uploads\/cache\/DSC03635_web\/570605618.jpg\" src=\"data:image\/svg+xml,%3Csvg%20xmlns%3D%22http%3A%2F%2Fwww.w3.org%2F2000%2Fsvg%22%20width%3D%22300%22%20height%3D%22450%22%20viewBox%3D%220%200%20300%20450%22%3E%3C%2Fsvg%3E\" loading=\"eager\"><\/span><span class=\"fg-image-overlay\"><\/span><\/a><figcaption class=\"fg-caption\"><div class=\"fg-caption-inner\"><div class=\"fg-caption-desc\">Foto: Heiner Stephan<\/div><\/div><\/figcaption><\/figure><div class=\"fg-loader\"><\/div><\/div><div class=\"fg-item fg-type-image fg-idle\"><figure class=\"fg-item-inner\"><a href=\"https:\/\/www.elbenwald.de\/Festival\/wp-content\/uploads\/EWF19_People_Hai_Dang_Duong_05621.jpg\" data-attachment-id=\"2843\" data-type=\"image\" class=\"fg-thumb\"><span class=\"fg-image-wrap\"><img decoding=\"async\" width=\"300\" height=\"200\" class=\"skip-lazy fg-image\" data-src-fg=\"https:\/\/www.elbenwald.de\/Festival\/wp-content\/uploads\/cache\/EWF19_People_Hai_Dang_Duong_05621\/911849471.jpg\" src=\"data:image\/svg+xml,%3Csvg%20xmlns%3D%22http%3A%2F%2Fwww.w3.org%2F2000%2Fsvg%22%20width%3D%22300%22%20height%3D%22200%22%20viewBox%3D%220%200%20300%20200%22%3E%3C%2Fsvg%3E\" loading=\"eager\"><\/span><span class=\"fg-image-overlay\"><\/span><\/a><figcaption class=\"fg-caption\"><div class=\"fg-caption-inner\"><\/div><\/figcaption><\/figure><div class=\"fg-loader\"><\/div><\/div><div class=\"fg-item fg-type-image fg-idle\"><figure class=\"fg-item-inner\"><a href=\"https:\/\/www.elbenwald.de\/Festival\/wp-content\/uploads\/EWF19_Jonas_Ziebell-15.jpg\" data-attachment-id=\"2835\" data-type=\"image\" class=\"fg-thumb\"><span class=\"fg-image-wrap\"><img decoding=\"async\" width=\"300\" height=\"200\" class=\"skip-lazy fg-image\" data-src-fg=\"https:\/\/www.elbenwald.de\/Festival\/wp-content\/uploads\/cache\/EWF19_Jonas_Ziebell-15\/3967033765.jpg\" src=\"data:image\/svg+xml,%3Csvg%20xmlns%3D%22http%3A%2F%2Fwww.w3.org%2F2000%2Fsvg%22%20width%3D%22300%22%20height%3D%22200%22%20viewBox%3D%220%200%20300%20200%22%3E%3C%2Fsvg%3E\" loading=\"eager\"><\/span><span class=\"fg-image-overlay\"><\/span><\/a><figcaption class=\"fg-caption\"><div class=\"fg-caption-inner\"><\/div><\/figcaption><\/figure><div class=\"fg-loader\"><\/div><\/div><div class=\"fg-item fg-type-image fg-idle\"><figure class=\"fg-item-inner\"><a href=\"https:\/\/www.elbenwald.de\/Festival\/wp-content\/uploads\/ELF19_unsortiert_Sandra_Kock_3199.jpg\" data-caption-desc=\"Foto: Sandra Kock\" data-attachment-id=\"2782\" data-type=\"image\" class=\"fg-thumb\"><span class=\"fg-image-wrap\"><img decoding=\"async\" width=\"300\" height=\"450\" class=\"skip-lazy fg-image\" data-src-fg=\"https:\/\/www.elbenwald.de\/Festival\/wp-content\/uploads\/cache\/ELF19_unsortiert_Sandra_Kock_3199\/3997347891.jpg\" src=\"data:image\/svg+xml,%3Csvg%20xmlns%3D%22http%3A%2F%2Fwww.w3.org%2F2000%2Fsvg%22%20width%3D%22300%22%20height%3D%22450%22%20viewBox%3D%220%200%20300%20450%22%3E%3C%2Fsvg%3E\" loading=\"eager\"><\/span><span class=\"fg-image-overlay\"><\/span><\/a><figcaption class=\"fg-caption\"><div class=\"fg-caption-inner\"><div class=\"fg-caption-desc\">Foto: Sandra Kock<\/div><\/div><\/figcaption><\/figure><div class=\"fg-loader\"><\/div><\/div><div class=\"fg-item fg-type-image fg-idle\"><figure class=\"fg-item-inner\"><a href=\"https:\/\/www.elbenwald.de\/Festival\/wp-content\/uploads\/ELF19_unsortiert_Sandra_Kock_2034-2.jpg\" data-caption-desc=\"Foto: Sandra Kock\" data-attachment-id=\"2759\" data-type=\"image\" class=\"fg-thumb\"><span class=\"fg-image-wrap\"><img decoding=\"async\" width=\"300\" height=\"200\" class=\"skip-lazy fg-image\" data-src-fg=\"https:\/\/www.elbenwald.de\/Festival\/wp-content\/uploads\/cache\/ELF19_unsortiert_Sandra_Kock_2034-2\/3508773611.jpg\" src=\"data:image\/svg+xml,%3Csvg%20xmlns%3D%22http%3A%2F%2Fwww.w3.org%2F2000%2Fsvg%22%20width%3D%22300%22%20height%3D%22200%22%20viewBox%3D%220%200%20300%20200%22%3E%3C%2Fsvg%3E\" loading=\"eager\"><\/span><span class=\"fg-image-overlay\"><\/span><\/a><figcaption class=\"fg-caption\"><div class=\"fg-caption-inner\"><div class=\"fg-caption-desc\">Foto: Sandra Kock<\/div><\/div><\/figcaption><\/figure><div class=\"fg-loader\"><\/div><\/div><div class=\"fg-item fg-type-image fg-idle\"><figure class=\"fg-item-inner\"><a href=\"https:\/\/www.elbenwald.de\/Festival\/wp-content\/uploads\/ELF19_unsortiert_Sandra_Kock_2379.jpg\" data-caption-desc=\"Foto: Sandra Kock\" data-attachment-id=\"2755\" data-type=\"image\" class=\"fg-thumb\"><span class=\"fg-image-wrap\"><img decoding=\"async\" width=\"300\" height=\"450\" class=\"skip-lazy fg-image\" data-src-fg=\"https:\/\/www.elbenwald.de\/Festival\/wp-content\/uploads\/cache\/ELF19_unsortiert_Sandra_Kock_2379\/4058484982.jpg\" src=\"data:image\/svg+xml,%3Csvg%20xmlns%3D%22http%3A%2F%2Fwww.w3.org%2F2000%2Fsvg%22%20width%3D%22300%22%20height%3D%22450%22%20viewBox%3D%220%200%20300%20450%22%3E%3C%2Fsvg%3E\" loading=\"eager\"><\/span><span class=\"fg-image-overlay\"><\/span><\/a><figcaption class=\"fg-caption\"><div class=\"fg-caption-inner\"><div class=\"fg-caption-desc\">Foto: Sandra Kock<\/div><\/div><\/figcaption><\/figure><div class=\"fg-loader\"><\/div><\/div><div class=\"fg-item fg-type-image fg-idle\"><figure class=\"fg-item-inner\"><a href=\"https:\/\/www.elbenwald.de\/Festival\/wp-content\/uploads\/ELF19_unsortiert_Sandra_Kock_1788.jpg\" data-caption-desc=\"Foto: Sandra Kock\" data-attachment-id=\"2735\" data-type=\"image\" class=\"fg-thumb\"><span class=\"fg-image-wrap\"><img decoding=\"async\" width=\"300\" height=\"450\" class=\"skip-lazy fg-image\" data-src-fg=\"https:\/\/www.elbenwald.de\/Festival\/wp-content\/uploads\/cache\/ELF19_unsortiert_Sandra_Kock_1788\/2328821642.jpg\" src=\"data:image\/svg+xml,%3Csvg%20xmlns%3D%22http%3A%2F%2Fwww.w3.org%2F2000%2Fsvg%22%20width%3D%22300%22%20height%3D%22450%22%20viewBox%3D%220%200%20300%20450%22%3E%3C%2Fsvg%3E\" loading=\"eager\"><\/span><span class=\"fg-image-overlay\"><\/span><\/a><figcaption class=\"fg-caption\"><div class=\"fg-caption-inner\"><div class=\"fg-caption-desc\">Foto: Sandra Kock<\/div><\/div><\/figcaption><\/figure><div class=\"fg-loader\"><\/div><\/div><div class=\"fg-item fg-type-image fg-idle\"><figure class=\"fg-item-inner\"><a href=\"https:\/\/www.elbenwald.de\/Festival\/wp-content\/uploads\/ELF19_unsortiert_Sandra_Kock_1912.jpg\" data-caption-desc=\"Foto: Sandra Kock\" data-attachment-id=\"2742\" data-type=\"image\" class=\"fg-thumb\"><span class=\"fg-image-wrap\"><img decoding=\"async\" width=\"300\" height=\"450\" class=\"skip-lazy fg-image\" data-src-fg=\"https:\/\/www.elbenwald.de\/Festival\/wp-content\/uploads\/cache\/ELF19_unsortiert_Sandra_Kock_1912\/1750875545.jpg\" src=\"data:image\/svg+xml,%3Csvg%20xmlns%3D%22http%3A%2F%2Fwww.w3.org%2F2000%2Fsvg%22%20width%3D%22300%22%20height%3D%22450%22%20viewBox%3D%220%200%20300%20450%22%3E%3C%2Fsvg%3E\" loading=\"eager\"><\/span><span class=\"fg-image-overlay\"><\/span><\/a><figcaption class=\"fg-caption\"><div class=\"fg-caption-inner\"><div class=\"fg-caption-desc\">Foto: Sandra Kock<\/div><\/div><\/figcaption><\/figure><div class=\"fg-loader\"><\/div><\/div><div class=\"fg-item fg-type-image fg-idle\"><figure class=\"fg-item-inner\"><a href=\"https:\/\/www.elbenwald.de\/Festival\/wp-content\/uploads\/EWF18_Atmo_Ilona_Henne_29_.jpg\" data-caption-desc=\"Foto: Ilona Henne\" data-attachment-id=\"1688\" data-type=\"image\" class=\"fg-thumb\"><span class=\"fg-image-wrap\"><img decoding=\"async\" width=\"300\" height=\"200\" class=\"skip-lazy fg-image\" data-src-fg=\"https:\/\/www.elbenwald.de\/Festival\/wp-content\/uploads\/cache\/EWF18_Atmo_Ilona_Henne_29_\/4185104068.jpg\" src=\"data:image\/svg+xml,%3Csvg%20xmlns%3D%22http%3A%2F%2Fwww.w3.org%2F2000%2Fsvg%22%20width%3D%22300%22%20height%3D%22200%22%20viewBox%3D%220%200%20300%20200%22%3E%3C%2Fsvg%3E\" loading=\"eager\"><\/span><span class=\"fg-image-overlay\"><\/span><\/a><figcaption class=\"fg-caption\"><div class=\"fg-caption-inner\"><div class=\"fg-caption-desc\">Foto: Ilona Henne<\/div><\/div><\/figcaption><\/figure><div class=\"fg-loader\"><\/div><\/div><div class=\"fg-item fg-type-image fg-idle\"><figure class=\"fg-item-inner\"><a href=\"https:\/\/www.elbenwald.de\/Festival\/wp-content\/uploads\/ELF19_unsortiert_Sandra_Kock_1915.jpg\" data-caption-desc=\"Foto: Sandra Kock\" data-attachment-id=\"2743\" data-type=\"image\" class=\"fg-thumb\"><span class=\"fg-image-wrap\"><img decoding=\"async\" width=\"300\" height=\"200\" class=\"skip-lazy fg-image\" data-src-fg=\"https:\/\/www.elbenwald.de\/Festival\/wp-content\/uploads\/cache\/ELF19_unsortiert_Sandra_Kock_1915\/2541598725.jpg\" src=\"data:image\/svg+xml,%3Csvg%20xmlns%3D%22http%3A%2F%2Fwww.w3.org%2F2000%2Fsvg%22%20width%3D%22300%22%20height%3D%22200%22%20viewBox%3D%220%200%20300%20200%22%3E%3C%2Fsvg%3E\" loading=\"eager\"><\/span><span class=\"fg-image-overlay\"><\/span><\/a><figcaption class=\"fg-caption\"><div class=\"fg-caption-inner\"><div class=\"fg-caption-desc\">Foto: Sandra Kock<\/div><\/div><\/figcaption><\/figure><div class=\"fg-loader\"><\/div><\/div><div class=\"fg-item fg-type-image fg-idle\"><figure class=\"fg-item-inner\"><a href=\"https:\/\/www.elbenwald.de\/Festival\/wp-content\/uploads\/EWF18_Atmo_Ilona_Henne_31_.jpg\" data-caption-desc=\"Foto: Ilona Henne\" data-attachment-id=\"1689\" data-type=\"image\" class=\"fg-thumb\"><span class=\"fg-image-wrap\"><img decoding=\"async\" width=\"300\" height=\"450\" class=\"skip-lazy fg-image\" data-src-fg=\"https:\/\/www.elbenwald.de\/Festival\/wp-content\/uploads\/cache\/EWF18_Atmo_Ilona_Henne_31_\/3102302491.jpg\" src=\"data:image\/svg+xml,%3Csvg%20xmlns%3D%22http%3A%2F%2Fwww.w3.org%2F2000%2Fsvg%22%20width%3D%22300%22%20height%3D%22450%22%20viewBox%3D%220%200%20300%20450%22%3E%3C%2Fsvg%3E\" loading=\"eager\"><\/span><span class=\"fg-image-overlay\"><\/span><\/a><figcaption class=\"fg-caption\"><div class=\"fg-caption-inner\"><div class=\"fg-caption-desc\">Foto: Ilona Henne<\/div><\/div><\/figcaption><\/figure><div class=\"fg-loader\"><\/div><\/div><div class=\"fg-item fg-type-image fg-idle\"><figure class=\"fg-item-inner\"><a href=\"https:\/\/www.elbenwald.de\/Festival\/wp-content\/uploads\/ELF19_unsortiert_Sandra_Kock_3359.jpg\" data-caption-desc=\"Foto: Sandra Kock\" data-attachment-id=\"2789\" data-type=\"image\" class=\"fg-thumb\"><span class=\"fg-image-wrap\"><img decoding=\"async\" width=\"300\" height=\"200\" class=\"skip-lazy fg-image\" data-src-fg=\"https:\/\/www.elbenwald.de\/Festival\/wp-content\/uploads\/cache\/ELF19_unsortiert_Sandra_Kock_3359\/188710392.jpg\" src=\"data:image\/svg+xml,%3Csvg%20xmlns%3D%22http%3A%2F%2Fwww.w3.org%2F2000%2Fsvg%22%20width%3D%22300%22%20height%3D%22200%22%20viewBox%3D%220%200%20300%20200%22%3E%3C%2Fsvg%3E\" loading=\"eager\"><\/span><span class=\"fg-image-overlay\"><\/span><\/a><figcaption class=\"fg-caption\"><div class=\"fg-caption-inner\"><div class=\"fg-caption-desc\">Foto: Sandra Kock<\/div><\/div><\/figcaption><\/figure><div class=\"fg-loader\"><\/div><\/div><div class=\"fg-item fg-type-image fg-idle\"><figure class=\"fg-item-inner\"><a href=\"https:\/\/www.elbenwald.de\/Festival\/wp-content\/uploads\/EWF19_People_Hai_Dang_Duong_05749.jpg\" data-caption-desc=\"Foto: Hai Dang Duong\" data-attachment-id=\"2846\" data-type=\"image\" class=\"fg-thumb\"><span class=\"fg-image-wrap\"><img decoding=\"async\" width=\"300\" height=\"200\" class=\"skip-lazy fg-image\" data-src-fg=\"https:\/\/www.elbenwald.de\/Festival\/wp-content\/uploads\/cache\/EWF19_People_Hai_Dang_Duong_05749\/3991932141.jpg\" src=\"data:image\/svg+xml,%3Csvg%20xmlns%3D%22http%3A%2F%2Fwww.w3.org%2F2000%2Fsvg%22%20width%3D%22300%22%20height%3D%22200%22%20viewBox%3D%220%200%20300%20200%22%3E%3C%2Fsvg%3E\" loading=\"eager\"><\/span><span class=\"fg-image-overlay\"><\/span><\/a><figcaption class=\"fg-caption\"><div class=\"fg-caption-inner\"><div class=\"fg-caption-desc\">Foto: Hai Dang Duong<\/div><\/div><\/figcaption><\/figure><div class=\"fg-loader\"><\/div><\/div><div class=\"fg-item fg-type-image fg-idle\"><figure class=\"fg-item-inner\"><a href=\"https:\/\/www.elbenwald.de\/Festival\/wp-content\/uploads\/EWF18_Atmo_Kirsten_Otto_033.jpg\" data-caption-desc=\"Foto: Kirsten Otto\" data-attachment-id=\"1694\" data-type=\"image\" class=\"fg-thumb\"><span class=\"fg-image-wrap\"><img decoding=\"async\" width=\"300\" height=\"200\" class=\"skip-lazy fg-image\" data-src-fg=\"https:\/\/www.elbenwald.de\/Festival\/wp-content\/uploads\/cache\/EWF18_Atmo_Kirsten_Otto_033\/271774448.jpg\" src=\"data:image\/svg+xml,%3Csvg%20xmlns%3D%22http%3A%2F%2Fwww.w3.org%2F2000%2Fsvg%22%20width%3D%22300%22%20height%3D%22200%22%20viewBox%3D%220%200%20300%20200%22%3E%3C%2Fsvg%3E\" loading=\"eager\"><\/span><span class=\"fg-image-overlay\"><\/span><\/a><figcaption class=\"fg-caption\"><div class=\"fg-caption-inner\"><div class=\"fg-caption-desc\">Foto: Kirsten Otto<\/div><\/div><\/figcaption><\/figure><div class=\"fg-loader\"><\/div><\/div><div class=\"fg-item fg-type-image fg-idle\"><figure class=\"fg-item-inner\"><a href=\"https:\/\/www.elbenwald.de\/Festival\/wp-content\/uploads\/EW19_People_Thor_Taeuber_148.jpg\" data-caption-desc=\"Foto: Thor T\u00e4uber\" data-attachment-id=\"2987\" data-type=\"image\" class=\"fg-thumb\"><span class=\"fg-image-wrap\"><img decoding=\"async\" width=\"300\" height=\"200\" class=\"skip-lazy fg-image\" data-src-fg=\"https:\/\/www.elbenwald.de\/Festival\/wp-content\/uploads\/cache\/EW19_People_Thor_Taeuber_148\/1081915380.jpg\" src=\"data:image\/svg+xml,%3Csvg%20xmlns%3D%22http%3A%2F%2Fwww.w3.org%2F2000%2Fsvg%22%20width%3D%22300%22%20height%3D%22200%22%20viewBox%3D%220%200%20300%20200%22%3E%3C%2Fsvg%3E\" loading=\"eager\"><\/span><span class=\"fg-image-overlay\"><\/span><\/a><figcaption class=\"fg-caption\"><div class=\"fg-caption-inner\"><div class=\"fg-caption-desc\">Foto: Thor T\u00e4uber<\/div><\/div><\/figcaption><\/figure><div class=\"fg-loader\"><\/div><\/div><div class=\"fg-item fg-type-image fg-idle\"><figure class=\"fg-item-inner\"><a href=\"https:\/\/www.elbenwald.de\/Festival\/wp-content\/uploads\/ELF19_unsortiert_Sandra_Kock_2127.jpg\" data-caption-desc=\"Foto: Sandra Kock\" data-attachment-id=\"2752\" data-type=\"image\" class=\"fg-thumb\"><span class=\"fg-image-wrap\"><img decoding=\"async\" width=\"300\" height=\"450\" class=\"skip-lazy fg-image\" data-src-fg=\"https:\/\/www.elbenwald.de\/Festival\/wp-content\/uploads\/cache\/ELF19_unsortiert_Sandra_Kock_2127\/237222638.jpg\" src=\"data:image\/svg+xml,%3Csvg%20xmlns%3D%22http%3A%2F%2Fwww.w3.org%2F2000%2Fsvg%22%20width%3D%22300%22%20height%3D%22450%22%20viewBox%3D%220%200%20300%20450%22%3E%3C%2Fsvg%3E\" loading=\"eager\"><\/span><span class=\"fg-image-overlay\"><\/span><\/a><figcaption class=\"fg-caption\"><div class=\"fg-caption-inner\"><div class=\"fg-caption-desc\">Foto: Sandra Kock<\/div><\/div><\/figcaption><\/figure><div class=\"fg-loader\"><\/div><\/div><div class=\"fg-item fg-type-image fg-idle\"><figure class=\"fg-item-inner\"><a href=\"https:\/\/www.elbenwald.de\/Festival\/wp-content\/uploads\/ELF19_unsortiert_Sandra_Kock_3193.jpg\" data-caption-desc=\"Foto: Sandra Kock\" data-attachment-id=\"2781\" data-type=\"image\" class=\"fg-thumb\"><span class=\"fg-image-wrap\"><img decoding=\"async\" width=\"300\" height=\"450\" class=\"skip-lazy fg-image\" data-src-fg=\"https:\/\/www.elbenwald.de\/Festival\/wp-content\/uploads\/cache\/ELF19_unsortiert_Sandra_Kock_3193\/3135127349.jpg\" src=\"data:image\/svg+xml,%3Csvg%20xmlns%3D%22http%3A%2F%2Fwww.w3.org%2F2000%2Fsvg%22%20width%3D%22300%22%20height%3D%22450%22%20viewBox%3D%220%200%20300%20450%22%3E%3C%2Fsvg%3E\" loading=\"eager\"><\/span><span class=\"fg-image-overlay\"><\/span><\/a><figcaption class=\"fg-caption\"><div class=\"fg-caption-inner\"><div class=\"fg-caption-desc\">Foto: Sandra Kock<\/div><\/div><\/figcaption><\/figure><div class=\"fg-loader\"><\/div><\/div><div class=\"fg-item fg-type-image fg-idle\"><figure class=\"fg-item-inner\"><a href=\"https:\/\/www.elbenwald.de\/Festival\/wp-content\/uploads\/ELF19_unsortiert_Sandra_Kock_3228.jpg\" data-caption-desc=\"Foto: Sandra Kock\" data-attachment-id=\"2784\" data-type=\"image\" class=\"fg-thumb\"><span class=\"fg-image-wrap\"><img decoding=\"async\" width=\"300\" height=\"450\" class=\"skip-lazy fg-image\" data-src-fg=\"https:\/\/www.elbenwald.de\/Festival\/wp-content\/uploads\/cache\/ELF19_unsortiert_Sandra_Kock_3228\/440579246.jpg\" src=\"data:image\/svg+xml,%3Csvg%20xmlns%3D%22http%3A%2F%2Fwww.w3.org%2F2000%2Fsvg%22%20width%3D%22300%22%20height%3D%22450%22%20viewBox%3D%220%200%20300%20450%22%3E%3C%2Fsvg%3E\" loading=\"eager\"><\/span><span class=\"fg-image-overlay\"><\/span><\/a><figcaption class=\"fg-caption\"><div class=\"fg-caption-inner\"><div class=\"fg-caption-desc\">Foto: Sandra Kock<\/div><\/div><\/figcaption><\/figure><div class=\"fg-loader\"><\/div><\/div><div class=\"fg-item fg-type-image fg-idle\"><figure class=\"fg-item-inner\"><a href=\"https:\/\/www.elbenwald.de\/Festival\/wp-content\/uploads\/ELF19_unsortiert_Sandra_Kock_3201.jpg\" data-caption-desc=\"Foto: Sandra Kock\" data-attachment-id=\"2783\" data-type=\"image\" class=\"fg-thumb\"><span class=\"fg-image-wrap\"><img decoding=\"async\" width=\"300\" height=\"450\" class=\"skip-lazy fg-image\" data-src-fg=\"https:\/\/www.elbenwald.de\/Festival\/wp-content\/uploads\/cache\/ELF19_unsortiert_Sandra_Kock_3201\/2413242971.jpg\" src=\"data:image\/svg+xml,%3Csvg%20xmlns%3D%22http%3A%2F%2Fwww.w3.org%2F2000%2Fsvg%22%20width%3D%22300%22%20height%3D%22450%22%20viewBox%3D%220%200%20300%20450%22%3E%3C%2Fsvg%3E\" loading=\"eager\"><\/span><span class=\"fg-image-overlay\"><\/span><\/a><figcaption class=\"fg-caption\"><div class=\"fg-caption-inner\"><div class=\"fg-caption-desc\">Foto: Sandra Kock<\/div><\/div><\/figcaption><\/figure><div class=\"fg-loader\"><\/div><\/div><div class=\"fg-item fg-type-image fg-idle\"><figure class=\"fg-item-inner\"><a href=\"https:\/\/www.elbenwald.de\/Festival\/wp-content\/uploads\/ELF19_unsortiert_Sandra_Kock_2516.jpg\" data-caption-desc=\"Foto: Sandra Kock\" data-attachment-id=\"2767\" data-type=\"image\" class=\"fg-thumb\"><span class=\"fg-image-wrap\"><img decoding=\"async\" width=\"300\" height=\"450\" class=\"skip-lazy fg-image\" data-src-fg=\"https:\/\/www.elbenwald.de\/Festival\/wp-content\/uploads\/cache\/ELF19_unsortiert_Sandra_Kock_2516\/442640376.jpg\" src=\"data:image\/svg+xml,%3Csvg%20xmlns%3D%22http%3A%2F%2Fwww.w3.org%2F2000%2Fsvg%22%20width%3D%22300%22%20height%3D%22450%22%20viewBox%3D%220%200%20300%20450%22%3E%3C%2Fsvg%3E\" loading=\"eager\"><\/span><span class=\"fg-image-overlay\"><\/span><\/a><figcaption class=\"fg-caption\"><div class=\"fg-caption-inner\"><div class=\"fg-caption-desc\">Foto: Sandra Kock<\/div><\/div><\/figcaption><\/figure><div class=\"fg-loader\"><\/div><\/div><div class=\"fg-item fg-type-image fg-idle\"><figure class=\"fg-item-inner\"><a href=\"https:\/\/www.elbenwald.de\/Festival\/wp-content\/uploads\/IMG_20190808_152057.jpg\" data-caption-desc=\"Foto: Johanna Lenth\" data-attachment-id=\"2861\" data-type=\"image\" class=\"fg-thumb\"><span class=\"fg-image-wrap\"><img decoding=\"async\" width=\"300\" height=\"400\" class=\"skip-lazy fg-image\" data-src-fg=\"https:\/\/www.elbenwald.de\/Festival\/wp-content\/uploads\/cache\/IMG_20190808_152057\/1653414777.jpg\" src=\"data:image\/svg+xml,%3Csvg%20xmlns%3D%22http%3A%2F%2Fwww.w3.org%2F2000%2Fsvg%22%20width%3D%22300%22%20height%3D%22400%22%20viewBox%3D%220%200%20300%20400%22%3E%3C%2Fsvg%3E\" loading=\"eager\"><\/span><span class=\"fg-image-overlay\"><\/span><\/a><figcaption class=\"fg-caption\"><div class=\"fg-caption-inner\"><div class=\"fg-caption-desc\">Foto: Johanna Lenth<\/div><\/div><\/figcaption><\/figure><div class=\"fg-loader\"><\/div><\/div><div class=\"fg-item fg-type-image fg-idle\"><figure class=\"fg-item-inner\"><a href=\"https:\/\/www.elbenwald.de\/Festival\/wp-content\/uploads\/ELF19_unsortiert_Sandra_Kock_2050.jpg\" data-caption-desc=\"Foto: Sandra Kock\" data-attachment-id=\"2751\" data-type=\"image\" class=\"fg-thumb\"><span class=\"fg-image-wrap\"><img decoding=\"async\" width=\"300\" height=\"450\" class=\"skip-lazy fg-image\" data-src-fg=\"https:\/\/www.elbenwald.de\/Festival\/wp-content\/uploads\/cache\/ELF19_unsortiert_Sandra_Kock_2050\/1243162318.jpg\" src=\"data:image\/svg+xml,%3Csvg%20xmlns%3D%22http%3A%2F%2Fwww.w3.org%2F2000%2Fsvg%22%20width%3D%22300%22%20height%3D%22450%22%20viewBox%3D%220%200%20300%20450%22%3E%3C%2Fsvg%3E\" loading=\"eager\"><\/span><span class=\"fg-image-overlay\"><\/span><\/a><figcaption class=\"fg-caption\"><div class=\"fg-caption-inner\"><div class=\"fg-caption-desc\">Foto: Sandra Kock<\/div><\/div><\/figcaption><\/figure><div class=\"fg-loader\"><\/div><\/div><div class=\"fg-item fg-type-image fg-idle\"><figure class=\"fg-item-inner\"><a href=\"https:\/\/www.elbenwald.de\/Festival\/wp-content\/uploads\/EWF19_Jonas_Ziebell_Tag3_15.jpg\" data-caption-desc=\"Foto: Jonas Ziebell\" data-attachment-id=\"2827\" data-type=\"image\" class=\"fg-thumb\"><span class=\"fg-image-wrap\"><img decoding=\"async\" width=\"300\" height=\"200\" class=\"skip-lazy fg-image\" data-src-fg=\"https:\/\/www.elbenwald.de\/Festival\/wp-content\/uploads\/cache\/EWF19_Jonas_Ziebell_Tag3_15\/3634727329.jpg\" src=\"data:image\/svg+xml,%3Csvg%20xmlns%3D%22http%3A%2F%2Fwww.w3.org%2F2000%2Fsvg%22%20width%3D%22300%22%20height%3D%22200%22%20viewBox%3D%220%200%20300%20200%22%3E%3C%2Fsvg%3E\" loading=\"eager\"><\/span><span class=\"fg-image-overlay\"><\/span><\/a><figcaption class=\"fg-caption\"><div class=\"fg-caption-inner\"><div class=\"fg-caption-desc\">Foto: Jonas Ziebell<\/div><\/div><\/figcaption><\/figure><div class=\"fg-loader\"><\/div><\/div><div class=\"fg-item fg-type-image fg-idle\"><figure class=\"fg-item-inner\"><a href=\"https:\/\/www.elbenwald.de\/Festival\/wp-content\/uploads\/ELF19_unsortiert_Sandra_Kock_2009-2.jpg\" data-caption-desc=\"Foto: Sandra Kock\" data-attachment-id=\"2749\" data-type=\"image\" class=\"fg-thumb\"><span class=\"fg-image-wrap\"><img decoding=\"async\" width=\"300\" height=\"450\" class=\"skip-lazy fg-image\" data-src-fg=\"https:\/\/www.elbenwald.de\/Festival\/wp-content\/uploads\/cache\/ELF19_unsortiert_Sandra_Kock_2009-2\/1787848674.jpg\" src=\"data:image\/svg+xml,%3Csvg%20xmlns%3D%22http%3A%2F%2Fwww.w3.org%2F2000%2Fsvg%22%20width%3D%22300%22%20height%3D%22450%22%20viewBox%3D%220%200%20300%20450%22%3E%3C%2Fsvg%3E\" loading=\"eager\"><\/span><span class=\"fg-image-overlay\"><\/span><\/a><figcaption class=\"fg-caption\"><div class=\"fg-caption-inner\"><div class=\"fg-caption-desc\">Foto: Sandra Kock<\/div><\/div><\/figcaption><\/figure><div class=\"fg-loader\"><\/div><\/div><div class=\"fg-item fg-type-image fg-idle\"><figure class=\"fg-item-inner\"><a href=\"https:\/\/www.elbenwald.de\/Festival\/wp-content\/uploads\/P1320436.jpg\" data-attachment-id=\"4689\" data-type=\"image\" class=\"fg-thumb\"><span class=\"fg-image-wrap\"><img decoding=\"async\" width=\"300\" height=\"225\" class=\"skip-lazy fg-image\" data-src-fg=\"https:\/\/www.elbenwald.de\/Festival\/wp-content\/uploads\/cache\/P1320436\/2950313044.jpg\" src=\"data:image\/svg+xml,%3Csvg%20xmlns%3D%22http%3A%2F%2Fwww.w3.org%2F2000%2Fsvg%22%20width%3D%22300%22%20height%3D%22225%22%20viewBox%3D%220%200%20300%20225%22%3E%3C%2Fsvg%3E\" loading=\"eager\"><\/span><span class=\"fg-image-overlay\"><\/span><\/a><figcaption class=\"fg-caption\"><div class=\"fg-caption-inner\"><\/div><\/figcaption><\/figure><div class=\"fg-loader\"><\/div><\/div><div class=\"fg-item fg-type-image fg-idle\"><figure class=\"fg-item-inner\"><a href=\"https:\/\/www.elbenwald.de\/Festival\/wp-content\/uploads\/P1310253-2.jpg\" data-attachment-id=\"4682\" data-type=\"image\" class=\"fg-thumb\"><span class=\"fg-image-wrap\"><img decoding=\"async\" width=\"300\" height=\"225\" class=\"skip-lazy fg-image\" data-src-fg=\"https:\/\/www.elbenwald.de\/Festival\/wp-content\/uploads\/cache\/P1310253-2\/2954149824.jpg\" src=\"data:image\/svg+xml,%3Csvg%20xmlns%3D%22http%3A%2F%2Fwww.w3.org%2F2000%2Fsvg%22%20width%3D%22300%22%20height%3D%22225%22%20viewBox%3D%220%200%20300%20225%22%3E%3C%2Fsvg%3E\" loading=\"eager\"><\/span><span class=\"fg-image-overlay\"><\/span><\/a><figcaption class=\"fg-caption\"><div class=\"fg-caption-inner\"><\/div><\/figcaption><\/figure><div class=\"fg-loader\"><\/div><\/div><div class=\"fg-item fg-type-image fg-idle\"><figure class=\"fg-item-inner\"><a href=\"https:\/\/www.elbenwald.de\/Festival\/wp-content\/uploads\/P1310303.jpg\" data-caption-title=\"Deadpool\" data-attachment-id=\"4683\" data-type=\"image\" class=\"fg-thumb\"><span class=\"fg-image-wrap\"><img decoding=\"async\" alt=\"Deadpool\" title=\"Deadpool\" width=\"300\" height=\"225\" class=\"skip-lazy fg-image\" data-src-fg=\"https:\/\/www.elbenwald.de\/Festival\/wp-content\/uploads\/cache\/P1310303\/1197652077.jpg\" src=\"data:image\/svg+xml,%3Csvg%20xmlns%3D%22http%3A%2F%2Fwww.w3.org%2F2000%2Fsvg%22%20width%3D%22300%22%20height%3D%22225%22%20viewBox%3D%220%200%20300%20225%22%3E%3C%2Fsvg%3E\" loading=\"eager\"><\/span><span class=\"fg-image-overlay\"><\/span><\/a><figcaption class=\"fg-caption\"><div class=\"fg-caption-inner\"><div class=\"fg-caption-title\">Deadpool<\/div><\/div><\/figcaption><\/figure><div class=\"fg-loader\"><\/div><\/div><div class=\"fg-item fg-type-image fg-idle\"><figure class=\"fg-item-inner\"><a href=\"https:\/\/www.elbenwald.de\/Festival\/wp-content\/uploads\/P1310312-2.jpg\" data-attachment-id=\"4684\" data-type=\"image\" class=\"fg-thumb\"><span class=\"fg-image-wrap\"><img decoding=\"async\" width=\"300\" height=\"225\" class=\"skip-lazy fg-image\" data-src-fg=\"https:\/\/www.elbenwald.de\/Festival\/wp-content\/uploads\/cache\/P1310312-2\/4018715.jpg\" src=\"data:image\/svg+xml,%3Csvg%20xmlns%3D%22http%3A%2F%2Fwww.w3.org%2F2000%2Fsvg%22%20width%3D%22300%22%20height%3D%22225%22%20viewBox%3D%220%200%20300%20225%22%3E%3C%2Fsvg%3E\" loading=\"eager\"><\/span><span class=\"fg-image-overlay\"><\/span><\/a><figcaption class=\"fg-caption\"><div class=\"fg-caption-inner\"><\/div><\/figcaption><\/figure><div class=\"fg-loader\"><\/div><\/div><div class=\"fg-item fg-type-image fg-idle\"><figure class=\"fg-item-inner\"><a href=\"https:\/\/www.elbenwald.de\/Festival\/wp-content\/uploads\/P1300794-2.jpg\" data-attachment-id=\"4674\" data-type=\"image\" class=\"fg-thumb\"><span class=\"fg-image-wrap\"><img decoding=\"async\" width=\"300\" height=\"225\" class=\"skip-lazy fg-image\" data-src-fg=\"https:\/\/www.elbenwald.de\/Festival\/wp-content\/uploads\/cache\/P1300794-2\/3730320099.jpg\" src=\"data:image\/svg+xml,%3Csvg%20xmlns%3D%22http%3A%2F%2Fwww.w3.org%2F2000%2Fsvg%22%20width%3D%22300%22%20height%3D%22225%22%20viewBox%3D%220%200%20300%20225%22%3E%3C%2Fsvg%3E\" loading=\"eager\"><\/span><span class=\"fg-image-overlay\"><\/span><\/a><figcaption class=\"fg-caption\"><div class=\"fg-caption-inner\"><\/div><\/figcaption><\/figure><div class=\"fg-loader\"><\/div><\/div><div class=\"fg-item fg-type-image fg-idle\"><figure class=\"fg-item-inner\"><a href=\"https:\/\/www.elbenwald.de\/Festival\/wp-content\/uploads\/EWF21_Tom_Atmo_Alexander_Schliephake-425.jpg\" data-caption-desc=\"Foto: Alexander Schliephake\" data-attachment-id=\"4653\" data-type=\"image\" class=\"fg-thumb\"><span class=\"fg-image-wrap\"><img decoding=\"async\" width=\"300\" height=\"200\" class=\"skip-lazy fg-image\" data-src-fg=\"https:\/\/www.elbenwald.de\/Festival\/wp-content\/uploads\/cache\/EWF21_Tom_Atmo_Alexander_Schliephake-425\/2840643871.jpg\" src=\"data:image\/svg+xml,%3Csvg%20xmlns%3D%22http%3A%2F%2Fwww.w3.org%2F2000%2Fsvg%22%20width%3D%22300%22%20height%3D%22200%22%20viewBox%3D%220%200%20300%20200%22%3E%3C%2Fsvg%3E\" loading=\"eager\"><\/span><span class=\"fg-image-overlay\"><\/span><\/a><figcaption class=\"fg-caption\"><div class=\"fg-caption-inner\"><div class=\"fg-caption-desc\">Foto: Alexander Schliephake<\/div><\/div><\/figcaption><\/figure><div class=\"fg-loader\"><\/div><\/div><div class=\"fg-item fg-type-image fg-idle\"><figure class=\"fg-item-inner\"><a href=\"https:\/\/www.elbenwald.de\/Festival\/wp-content\/uploads\/EWF21_Portraits_Rainer_Keuenhof_005.jpg\" data-caption-desc=\"Foto: Rainer Keuenhof\" data-attachment-id=\"4614\" data-type=\"image\" class=\"fg-thumb\"><span class=\"fg-image-wrap\"><img decoding=\"async\" width=\"300\" height=\"200\" class=\"skip-lazy fg-image\" data-src-fg=\"https:\/\/www.elbenwald.de\/Festival\/wp-content\/uploads\/cache\/EWF21_Portraits_Rainer_Keuenhof_005\/587929288.jpg\" src=\"data:image\/svg+xml,%3Csvg%20xmlns%3D%22http%3A%2F%2Fwww.w3.org%2F2000%2Fsvg%22%20width%3D%22300%22%20height%3D%22200%22%20viewBox%3D%220%200%20300%20200%22%3E%3C%2Fsvg%3E\" loading=\"eager\"><\/span><span class=\"fg-image-overlay\"><\/span><\/a><figcaption class=\"fg-caption\"><div class=\"fg-caption-inner\"><div class=\"fg-caption-desc\">Foto: Rainer Keuenhof<\/div><\/div><\/figcaption><\/figure><div class=\"fg-loader\"><\/div><\/div><div class=\"fg-item fg-type-image fg-idle\"><figure class=\"fg-item-inner\"><a href=\"https:\/\/www.elbenwald.de\/Festival\/wp-content\/uploads\/EWF21_Portraits_Rainer_Keuenhof_001.jpg\" data-caption-desc=\"Foto: Rainer Keuenhof\" data-attachment-id=\"4613\" data-type=\"image\" class=\"fg-thumb\"><span class=\"fg-image-wrap\"><img decoding=\"async\" width=\"300\" height=\"200\" class=\"skip-lazy fg-image\" data-src-fg=\"https:\/\/www.elbenwald.de\/Festival\/wp-content\/uploads\/cache\/EWF21_Portraits_Rainer_Keuenhof_001\/2101654551.jpg\" src=\"data:image\/svg+xml,%3Csvg%20xmlns%3D%22http%3A%2F%2Fwww.w3.org%2F2000%2Fsvg%22%20width%3D%22300%22%20height%3D%22200%22%20viewBox%3D%220%200%20300%20200%22%3E%3C%2Fsvg%3E\" loading=\"eager\"><\/span><span class=\"fg-image-overlay\"><\/span><\/a><figcaption class=\"fg-caption\"><div class=\"fg-caption-inner\"><div class=\"fg-caption-desc\">Foto: Rainer Keuenhof<\/div><\/div><\/figcaption><\/figure><div class=\"fg-loader\"><\/div><\/div><div class=\"fg-item fg-type-image fg-idle\"><figure class=\"fg-item-inner\"><a href=\"https:\/\/www.elbenwald.de\/Festival\/wp-content\/uploads\/EWF21_Portrait_Rainer_Keuenhof_017.jpg\" data-caption-desc=\"Foto: Rainer Keuenhof\" data-attachment-id=\"4612\" data-type=\"image\" class=\"fg-thumb\"><span class=\"fg-image-wrap\"><img decoding=\"async\" width=\"300\" height=\"200\" class=\"skip-lazy fg-image\" data-src-fg=\"https:\/\/www.elbenwald.de\/Festival\/wp-content\/uploads\/cache\/EWF21_Portrait_Rainer_Keuenhof_017\/2975669502.jpg\" src=\"data:image\/svg+xml,%3Csvg%20xmlns%3D%22http%3A%2F%2Fwww.w3.org%2F2000%2Fsvg%22%20width%3D%22300%22%20height%3D%22200%22%20viewBox%3D%220%200%20300%20200%22%3E%3C%2Fsvg%3E\" loading=\"eager\"><\/span><span class=\"fg-image-overlay\"><\/span><\/a><figcaption class=\"fg-caption\"><div class=\"fg-caption-inner\"><div class=\"fg-caption-desc\">Foto: Rainer Keuenhof<\/div><\/div><\/figcaption><\/figure><div class=\"fg-loader\"><\/div><\/div><div class=\"fg-item fg-type-image fg-idle\"><figure class=\"fg-item-inner\"><a href=\"https:\/\/www.elbenwald.de\/Festival\/wp-content\/uploads\/EWF21_Mittelalterlager_Rainer_Keuenhof_012.jpg\" data-caption-title=\"Mittelalterlager\" data-caption-desc=\"Foto: Rainer Keuenhof\" data-attachment-id=\"4598\" data-type=\"image\" class=\"fg-thumb\"><span class=\"fg-image-wrap\"><img decoding=\"async\" alt=\"Mittelalterlager\" title=\"Mittelalterlager\" width=\"300\" height=\"200\" class=\"skip-lazy fg-image\" data-src-fg=\"https:\/\/www.elbenwald.de\/Festival\/wp-content\/uploads\/cache\/EWF21_Mittelalterlager_Rainer_Keuenhof_012\/1290775373.jpg\" src=\"data:image\/svg+xml,%3Csvg%20xmlns%3D%22http%3A%2F%2Fwww.w3.org%2F2000%2Fsvg%22%20width%3D%22300%22%20height%3D%22200%22%20viewBox%3D%220%200%20300%20200%22%3E%3C%2Fsvg%3E\" loading=\"eager\"><\/span><span class=\"fg-image-overlay\"><\/span><\/a><figcaption class=\"fg-caption\"><div class=\"fg-caption-inner\"><div class=\"fg-caption-title\">Mittelalterlager<\/div><div class=\"fg-caption-desc\">Foto: Rainer Keuenhof<\/div><\/div><\/figcaption><\/figure><div class=\"fg-loader\"><\/div><\/div><div class=\"fg-item fg-type-image fg-idle\"><figure class=\"fg-item-inner\"><a href=\"https:\/\/www.elbenwald.de\/Festival\/wp-content\/uploads\/EWF21_CosplayContest_Gina_Wetzler-88.jpg\" data-caption-title=\"Cosplay Contest\" data-caption-desc=\"Foto: Gina Wetzler\" data-attachment-id=\"4543\" data-type=\"image\" class=\"fg-thumb\"><span class=\"fg-image-wrap\"><img decoding=\"async\" alt=\"Cosplay Contest\" title=\"Cosplay Contest\" width=\"300\" height=\"200\" class=\"skip-lazy fg-image\" data-src-fg=\"https:\/\/www.elbenwald.de\/Festival\/wp-content\/uploads\/cache\/EWF21_CosplayContest_Gina_Wetzler-88\/2359232389.jpg\" src=\"data:image\/svg+xml,%3Csvg%20xmlns%3D%22http%3A%2F%2Fwww.w3.org%2F2000%2Fsvg%22%20width%3D%22300%22%20height%3D%22200%22%20viewBox%3D%220%200%20300%20200%22%3E%3C%2Fsvg%3E\" loading=\"eager\"><\/span><span class=\"fg-image-overlay\"><\/span><\/a><figcaption class=\"fg-caption\"><div class=\"fg-caption-inner\"><div class=\"fg-caption-title\">Cosplay Contest<\/div><div class=\"fg-caption-desc\">Foto: Gina Wetzler<\/div><\/div><\/figcaption><\/figure><div class=\"fg-loader\"><\/div><\/div><div class=\"fg-item fg-type-image fg-idle\"><figure class=\"fg-item-inner\"><a href=\"https:\/\/www.elbenwald.de\/Festival\/wp-content\/uploads\/EWF21_CosplayContest_Rainer_Keuenhof_030.jpg\" data-caption-title=\"Cosplay Contest\" data-caption-desc=\"Foto: Rainer Keuenhof\" data-attachment-id=\"4552\" data-type=\"image\" class=\"fg-thumb\"><span class=\"fg-image-wrap\"><img decoding=\"async\" alt=\"Cosplay Contest\" title=\"Cosplay Contest\" width=\"300\" height=\"200\" class=\"skip-lazy fg-image\" data-src-fg=\"https:\/\/www.elbenwald.de\/Festival\/wp-content\/uploads\/cache\/EWF21_CosplayContest_Rainer_Keuenhof_030\/1126017935.jpg\" src=\"data:image\/svg+xml,%3Csvg%20xmlns%3D%22http%3A%2F%2Fwww.w3.org%2F2000%2Fsvg%22%20width%3D%22300%22%20height%3D%22200%22%20viewBox%3D%220%200%20300%20200%22%3E%3C%2Fsvg%3E\" loading=\"eager\"><\/span><span class=\"fg-image-overlay\"><\/span><\/a><figcaption class=\"fg-caption\"><div class=\"fg-caption-inner\"><div class=\"fg-caption-title\">Cosplay Contest<\/div><div class=\"fg-caption-desc\">Foto: Rainer Keuenhof<\/div><\/div><\/figcaption><\/figure><div class=\"fg-loader\"><\/div><\/div><div class=\"fg-item fg-type-image fg-idle\"><figure class=\"fg-item-inner\"><a href=\"https:\/\/www.elbenwald.de\/Festival\/wp-content\/uploads\/EWF21_CosplayContest_Gina_Wetzler-101.jpg\" data-caption-title=\"Cosplay Contest\" data-caption-desc=\"Foto: Gina Wetzler\" data-attachment-id=\"4546\" data-type=\"image\" class=\"fg-thumb\"><span class=\"fg-image-wrap\"><img decoding=\"async\" alt=\"Cosplay Contest\" title=\"Cosplay Contest\" width=\"300\" height=\"200\" class=\"skip-lazy fg-image\" data-src-fg=\"https:\/\/www.elbenwald.de\/Festival\/wp-content\/uploads\/cache\/EWF21_CosplayContest_Gina_Wetzler-101\/209644696.jpg\" src=\"data:image\/svg+xml,%3Csvg%20xmlns%3D%22http%3A%2F%2Fwww.w3.org%2F2000%2Fsvg%22%20width%3D%22300%22%20height%3D%22200%22%20viewBox%3D%220%200%20300%20200%22%3E%3C%2Fsvg%3E\" loading=\"eager\"><\/span><span class=\"fg-image-overlay\"><\/span><\/a><figcaption class=\"fg-caption\"><div class=\"fg-caption-inner\"><div class=\"fg-caption-title\">Cosplay Contest<\/div><div class=\"fg-caption-desc\">Foto: Gina Wetzler<\/div><\/div><\/figcaption><\/figure><div class=\"fg-loader\"><\/div><\/div><div class=\"fg-item fg-type-image fg-idle\"><figure class=\"fg-item-inner\"><a href=\"https:\/\/www.elbenwald.de\/Festival\/wp-content\/uploads\/EWF21_CosplayContest_Gina_Wetzler-69.jpg\" data-caption-title=\"Cosplay Contest\" data-caption-desc=\"Foto: Gina Wetzler\" data-attachment-id=\"4539\" data-type=\"image\" class=\"fg-thumb\"><span class=\"fg-image-wrap\"><img decoding=\"async\" alt=\"Cosplay Contest\" title=\"Cosplay Contest\" width=\"300\" height=\"200\" class=\"skip-lazy fg-image\" data-src-fg=\"https:\/\/www.elbenwald.de\/Festival\/wp-content\/uploads\/cache\/EWF21_CosplayContest_Gina_Wetzler-69\/3230086172.jpg\" src=\"data:image\/svg+xml,%3Csvg%20xmlns%3D%22http%3A%2F%2Fwww.w3.org%2F2000%2Fsvg%22%20width%3D%22300%22%20height%3D%22200%22%20viewBox%3D%220%200%20300%20200%22%3E%3C%2Fsvg%3E\" loading=\"eager\"><\/span><span class=\"fg-image-overlay\"><\/span><\/a><figcaption class=\"fg-caption\"><div class=\"fg-caption-inner\"><div class=\"fg-caption-title\">Cosplay Contest<\/div><div class=\"fg-caption-desc\">Foto: Gina Wetzler<\/div><\/div><\/figcaption><\/figure><div class=\"fg-loader\"><\/div><\/div><div class=\"fg-item fg-type-image fg-idle\"><figure class=\"fg-item-inner\"><a href=\"https:\/\/www.elbenwald.de\/Festival\/wp-content\/uploads\/EWF21_CosplayContest_Gina_Wetzler-62.jpg\" data-caption-title=\"Cosplay Contest\" data-caption-desc=\"Foto: Gina Wetzler\" data-attachment-id=\"4533\" data-type=\"image\" class=\"fg-thumb\"><span class=\"fg-image-wrap\"><img decoding=\"async\" alt=\"Cosplay Contest\" title=\"Cosplay Contest\" width=\"300\" height=\"200\" class=\"skip-lazy fg-image\" data-src-fg=\"https:\/\/www.elbenwald.de\/Festival\/wp-content\/uploads\/cache\/EWF21_CosplayContest_Gina_Wetzler-62\/3792578046.jpg\" src=\"data:image\/svg+xml,%3Csvg%20xmlns%3D%22http%3A%2F%2Fwww.w3.org%2F2000%2Fsvg%22%20width%3D%22300%22%20height%3D%22200%22%20viewBox%3D%220%200%20300%20200%22%3E%3C%2Fsvg%3E\" loading=\"eager\"><\/span><span class=\"fg-image-overlay\"><\/span><\/a><figcaption class=\"fg-caption\"><div class=\"fg-caption-inner\"><div class=\"fg-caption-title\">Cosplay Contest<\/div><div class=\"fg-caption-desc\">Foto: Gina Wetzler<\/div><\/div><\/figcaption><\/figure><div class=\"fg-loader\"><\/div><\/div><div class=\"fg-item fg-type-image fg-idle\"><figure class=\"fg-item-inner\"><a href=\"https:\/\/www.elbenwald.de\/Festival\/wp-content\/uploads\/EWF21_CosplayContest_Gina_Wetzler-39.jpg\" data-caption-title=\"Cosplay Contest\" data-caption-desc=\"Foto: Gina Wetzler\" data-attachment-id=\"4538\" data-type=\"image\" class=\"fg-thumb\"><span class=\"fg-image-wrap\"><img decoding=\"async\" alt=\"Cosplay Contest\" title=\"Cosplay Contest\" width=\"300\" height=\"200\" class=\"skip-lazy fg-image\" data-src-fg=\"https:\/\/www.elbenwald.de\/Festival\/wp-content\/uploads\/cache\/EWF21_CosplayContest_Gina_Wetzler-39\/1572821483.jpg\" src=\"data:image\/svg+xml,%3Csvg%20xmlns%3D%22http%3A%2F%2Fwww.w3.org%2F2000%2Fsvg%22%20width%3D%22300%22%20height%3D%22200%22%20viewBox%3D%220%200%20300%20200%22%3E%3C%2Fsvg%3E\" loading=\"eager\"><\/span><span class=\"fg-image-overlay\"><\/span><\/a><figcaption class=\"fg-caption\"><div class=\"fg-caption-inner\"><div class=\"fg-caption-title\">Cosplay Contest<\/div><div class=\"fg-caption-desc\">Foto: Gina Wetzler<\/div><\/div><\/figcaption><\/figure><div class=\"fg-loader\"><\/div><\/div><div class=\"fg-item fg-type-image fg-idle\"><figure class=\"fg-item-inner\"><a href=\"https:\/\/www.elbenwald.de\/Festival\/wp-content\/uploads\/EWF21_Atmo_Gina_Wetzler-43.jpg\" data-caption-desc=\"Foto: Gina Wetzler\" data-attachment-id=\"4498\" data-type=\"image\" class=\"fg-thumb\"><span class=\"fg-image-wrap\"><img decoding=\"async\" width=\"300\" height=\"200\" class=\"skip-lazy fg-image\" data-src-fg=\"https:\/\/www.elbenwald.de\/Festival\/wp-content\/uploads\/cache\/EWF21_Atmo_Gina_Wetzler-43\/1322989652.jpg\" src=\"data:image\/svg+xml,%3Csvg%20xmlns%3D%22http%3A%2F%2Fwww.w3.org%2F2000%2Fsvg%22%20width%3D%22300%22%20height%3D%22200%22%20viewBox%3D%220%200%20300%20200%22%3E%3C%2Fsvg%3E\" loading=\"eager\"><\/span><span class=\"fg-image-overlay\"><\/span><\/a><figcaption class=\"fg-caption\"><div class=\"fg-caption-inner\"><div class=\"fg-caption-desc\">Foto: Gina Wetzler<\/div><\/div><\/figcaption><\/figure><div class=\"fg-loader\"><\/div><\/div><div class=\"fg-item fg-type-image fg-idle\"><figure class=\"fg-item-inner\"><a href=\"https:\/\/www.elbenwald.de\/Festival\/wp-content\/uploads\/EWF21_Atmo_Gina_Wetzler-47.jpg\" data-caption-desc=\"Foto: Gina Wetzler\" data-attachment-id=\"4491\" data-type=\"image\" class=\"fg-thumb\"><span class=\"fg-image-wrap\"><img decoding=\"async\" width=\"300\" height=\"200\" class=\"skip-lazy fg-image\" data-src-fg=\"https:\/\/www.elbenwald.de\/Festival\/wp-content\/uploads\/cache\/EWF21_Atmo_Gina_Wetzler-47\/1930475423.jpg\" src=\"data:image\/svg+xml,%3Csvg%20xmlns%3D%22http%3A%2F%2Fwww.w3.org%2F2000%2Fsvg%22%20width%3D%22300%22%20height%3D%22200%22%20viewBox%3D%220%200%20300%20200%22%3E%3C%2Fsvg%3E\" loading=\"eager\"><\/span><span class=\"fg-image-overlay\"><\/span><\/a><figcaption class=\"fg-caption\"><div class=\"fg-caption-inner\"><div class=\"fg-caption-desc\">Foto: Gina Wetzler<\/div><\/div><\/figcaption><\/figure><div class=\"fg-loader\"><\/div><\/div><div class=\"fg-item fg-type-image fg-idle\"><figure class=\"fg-item-inner\"><a href=\"https:\/\/www.elbenwald.de\/Festival\/wp-content\/uploads\/EWF21_Atmo_Gina_Wetzler-4.jpg\" data-caption-desc=\"Foto: Gina Wetzler\" data-attachment-id=\"4486\" data-type=\"image\" class=\"fg-thumb\"><span class=\"fg-image-wrap\"><img decoding=\"async\" width=\"300\" height=\"200\" class=\"skip-lazy fg-image\" data-src-fg=\"https:\/\/www.elbenwald.de\/Festival\/wp-content\/uploads\/cache\/EWF21_Atmo_Gina_Wetzler-4\/1688249878.jpg\" src=\"data:image\/svg+xml,%3Csvg%20xmlns%3D%22http%3A%2F%2Fwww.w3.org%2F2000%2Fsvg%22%20width%3D%22300%22%20height%3D%22200%22%20viewBox%3D%220%200%20300%20200%22%3E%3C%2Fsvg%3E\" loading=\"eager\"><\/span><span class=\"fg-image-overlay\"><\/span><\/a><figcaption class=\"fg-caption\"><div class=\"fg-caption-inner\"><div class=\"fg-caption-desc\">Foto: Gina Wetzler<\/div><\/div><\/figcaption><\/figure><div class=\"fg-loader\"><\/div><\/div><div class=\"fg-item fg-type-image fg-idle\"><figure class=\"fg-item-inner\"><a href=\"https:\/\/www.elbenwald.de\/Festival\/wp-content\/uploads\/EWF21_atmo_Alexander_Schliephake-1213.jpg\" data-caption-desc=\"Foto: Alexander Schliephake\" data-attachment-id=\"4483\" data-type=\"image\" class=\"fg-thumb\"><span class=\"fg-image-wrap\"><img decoding=\"async\" width=\"300\" height=\"200\" class=\"skip-lazy fg-image\" data-src-fg=\"https:\/\/www.elbenwald.de\/Festival\/wp-content\/uploads\/cache\/EWF21_atmo_Alexander_Schliephake-1213\/2439170167.jpg\" src=\"data:image\/svg+xml,%3Csvg%20xmlns%3D%22http%3A%2F%2Fwww.w3.org%2F2000%2Fsvg%22%20width%3D%22300%22%20height%3D%22200%22%20viewBox%3D%220%200%20300%20200%22%3E%3C%2Fsvg%3E\" loading=\"eager\"><\/span><span class=\"fg-image-overlay\"><\/span><\/a><figcaption class=\"fg-caption\"><div class=\"fg-caption-inner\"><div class=\"fg-caption-desc\">Foto: Alexander Schliephake<\/div><\/div><\/figcaption><\/figure><div class=\"fg-loader\"><\/div><\/div><div class=\"fg-item fg-type-image fg-idle\"><figure class=\"fg-item-inner\"><a href=\"https:\/\/www.elbenwald.de\/Festival\/wp-content\/uploads\/EWF21_atmo_Alexander_Schliephake-1007.jpg\" data-caption-desc=\"Foto: Alexander Schliephake\" data-attachment-id=\"4481\" data-type=\"image\" class=\"fg-thumb\"><span class=\"fg-image-wrap\"><img decoding=\"async\" width=\"300\" height=\"200\" class=\"skip-lazy fg-image\" data-src-fg=\"https:\/\/www.elbenwald.de\/Festival\/wp-content\/uploads\/cache\/EWF21_atmo_Alexander_Schliephake-1007\/1460415902.jpg\" src=\"data:image\/svg+xml,%3Csvg%20xmlns%3D%22http%3A%2F%2Fwww.w3.org%2F2000%2Fsvg%22%20width%3D%22300%22%20height%3D%22200%22%20viewBox%3D%220%200%20300%20200%22%3E%3C%2Fsvg%3E\" loading=\"eager\"><\/span><span class=\"fg-image-overlay\"><\/span><\/a><figcaption class=\"fg-caption\"><div class=\"fg-caption-inner\"><div class=\"fg-caption-desc\">Foto: Alexander Schliephake<\/div><\/div><\/figcaption><\/figure><div class=\"fg-loader\"><\/div><\/div><div class=\"fg-item fg-type-image fg-idle\"><figure class=\"fg-item-inner\"><a href=\"https:\/\/www.elbenwald.de\/Festival\/wp-content\/uploads\/EWF21_atmo_Alexander_Schliephake-1210.jpg\" data-caption-desc=\"Foto: Alexander Schliephake\" data-attachment-id=\"4482\" data-type=\"image\" class=\"fg-thumb\"><span class=\"fg-image-wrap\"><img decoding=\"async\" width=\"300\" height=\"200\" class=\"skip-lazy fg-image\" data-src-fg=\"https:\/\/www.elbenwald.de\/Festival\/wp-content\/uploads\/cache\/EWF21_atmo_Alexander_Schliephake-1210\/3665844994.jpg\" src=\"data:image\/svg+xml,%3Csvg%20xmlns%3D%22http%3A%2F%2Fwww.w3.org%2F2000%2Fsvg%22%20width%3D%22300%22%20height%3D%22200%22%20viewBox%3D%220%200%20300%20200%22%3E%3C%2Fsvg%3E\" loading=\"eager\"><\/span><span class=\"fg-image-overlay\"><\/span><\/a><figcaption class=\"fg-caption\"><div class=\"fg-caption-inner\"><div class=\"fg-caption-desc\">Foto: Alexander Schliephake<\/div><\/div><\/figcaption><\/figure><div class=\"fg-loader\"><\/div><\/div><div class=\"fg-item fg-type-image fg-idle\"><figure class=\"fg-item-inner\"><a href=\"https:\/\/www.elbenwald.de\/Festival\/wp-content\/uploads\/EWF21_atmo_Alexander_Schliephake-1006.jpg\" data-caption-desc=\"Foto: Alexander Schliephake\" data-attachment-id=\"4480\" data-type=\"image\" class=\"fg-thumb\"><span class=\"fg-image-wrap\"><img decoding=\"async\" width=\"300\" height=\"200\" class=\"skip-lazy fg-image\" data-src-fg=\"https:\/\/www.elbenwald.de\/Festival\/wp-content\/uploads\/cache\/EWF21_atmo_Alexander_Schliephake-1006\/1590409622.jpg\" src=\"data:image\/svg+xml,%3Csvg%20xmlns%3D%22http%3A%2F%2Fwww.w3.org%2F2000%2Fsvg%22%20width%3D%22300%22%20height%3D%22200%22%20viewBox%3D%220%200%20300%20200%22%3E%3C%2Fsvg%3E\" loading=\"eager\"><\/span><span class=\"fg-image-overlay\"><\/span><\/a><figcaption class=\"fg-caption\"><div class=\"fg-caption-inner\"><div class=\"fg-caption-desc\">Foto: Alexander Schliephake<\/div><\/div><\/figcaption><\/figure><div class=\"fg-loader\"><\/div><\/div><div class=\"fg-item fg-type-image fg-idle\"><figure class=\"fg-item-inner\"><a href=\"https:\/\/www.elbenwald.de\/Festival\/wp-content\/uploads\/EWF21_atmo_Alexander_Schliephake-716.jpg\" data-caption-desc=\"Foto: Alexander Schliephake\" data-attachment-id=\"4471\" data-type=\"image\" class=\"fg-thumb\"><span class=\"fg-image-wrap\"><img decoding=\"async\" width=\"300\" height=\"449\" class=\"skip-lazy fg-image\" data-src-fg=\"https:\/\/www.elbenwald.de\/Festival\/wp-content\/uploads\/cache\/EWF21_atmo_Alexander_Schliephake-716\/1977037155.jpg\" src=\"data:image\/svg+xml,%3Csvg%20xmlns%3D%22http%3A%2F%2Fwww.w3.org%2F2000%2Fsvg%22%20width%3D%22300%22%20height%3D%22449%22%20viewBox%3D%220%200%20300%20449%22%3E%3C%2Fsvg%3E\" loading=\"eager\"><\/span><span class=\"fg-image-overlay\"><\/span><\/a><figcaption class=\"fg-caption\"><div class=\"fg-caption-inner\"><div class=\"fg-caption-desc\">Foto: Alexander Schliephake<\/div><\/div><\/figcaption><\/figure><div class=\"fg-loader\"><\/div><\/div><div class=\"fg-item fg-type-image fg-idle\"><figure class=\"fg-item-inner\"><a href=\"https:\/\/www.elbenwald.de\/Festival\/wp-content\/uploads\/EWF23_Tim_Gross_Sonntag_34.jpg\" data-caption-desc=\"Foto: Elbenwald GmbH\" data-attachment-id=\"7181\" data-type=\"image\" class=\"fg-thumb\"><span class=\"fg-image-wrap\"><img decoding=\"async\" width=\"300\" height=\"375\" class=\"skip-lazy fg-image\" data-src-fg=\"https:\/\/www.elbenwald.de\/Festival\/wp-content\/uploads\/cache\/EWF23_Tim_Gross_Sonntag_34\/1470570597.jpg\" src=\"data:image\/svg+xml,%3Csvg%20xmlns%3D%22http%3A%2F%2Fwww.w3.org%2F2000%2Fsvg%22%20width%3D%22300%22%20height%3D%22375%22%20viewBox%3D%220%200%20300%20375%22%3E%3C%2Fsvg%3E\" loading=\"eager\"><\/span><span class=\"fg-image-overlay\"><\/span><\/a><figcaption class=\"fg-caption\"><div class=\"fg-caption-inner\"><div class=\"fg-caption-desc\">Foto: Elbenwald GmbH<\/div><\/div><\/figcaption><\/figure><div class=\"fg-loader\"><\/div><\/div><div class=\"fg-item fg-type-image fg-idle\"><figure class=\"fg-item-inner\"><a href=\"https:\/\/www.elbenwald.de\/Festival\/wp-content\/uploads\/EWF23_Tim_Gross_Sonntag_33.jpg\" data-caption-desc=\"Foto: Elbenwald GmbH\" data-attachment-id=\"7180\" data-type=\"image\" class=\"fg-thumb\"><span class=\"fg-image-wrap\"><img decoding=\"async\" width=\"300\" height=\"375\" class=\"skip-lazy fg-image\" data-src-fg=\"https:\/\/www.elbenwald.de\/Festival\/wp-content\/uploads\/cache\/EWF23_Tim_Gross_Sonntag_33\/1222778757.jpg\" src=\"data:image\/svg+xml,%3Csvg%20xmlns%3D%22http%3A%2F%2Fwww.w3.org%2F2000%2Fsvg%22%20width%3D%22300%22%20height%3D%22375%22%20viewBox%3D%220%200%20300%20375%22%3E%3C%2Fsvg%3E\" loading=\"eager\"><\/span><span class=\"fg-image-overlay\"><\/span><\/a><figcaption class=\"fg-caption\"><div class=\"fg-caption-inner\"><div class=\"fg-caption-desc\">Foto: Elbenwald GmbH<\/div><\/div><\/figcaption><\/figure><div class=\"fg-loader\"><\/div><\/div><div class=\"fg-item fg-type-image fg-idle\"><figure class=\"fg-item-inner\"><a href=\"https:\/\/www.elbenwald.de\/Festival\/wp-content\/uploads\/EWF23_Tim_Gross_Sonntag_31.jpg\" data-caption-desc=\"Foto: Elbenwald GmbH\" data-attachment-id=\"7178\" data-type=\"image\" class=\"fg-thumb\"><span class=\"fg-image-wrap\"><img decoding=\"async\" width=\"300\" height=\"240\" class=\"skip-lazy fg-image\" data-src-fg=\"https:\/\/www.elbenwald.de\/Festival\/wp-content\/uploads\/cache\/EWF23_Tim_Gross_Sonntag_31\/50895724.jpg\" src=\"data:image\/svg+xml,%3Csvg%20xmlns%3D%22http%3A%2F%2Fwww.w3.org%2F2000%2Fsvg%22%20width%3D%22300%22%20height%3D%22240%22%20viewBox%3D%220%200%20300%20240%22%3E%3C%2Fsvg%3E\" loading=\"eager\"><\/span><span class=\"fg-image-overlay\"><\/span><\/a><figcaption class=\"fg-caption\"><div class=\"fg-caption-inner\"><div class=\"fg-caption-desc\">Foto: Elbenwald GmbH<\/div><\/div><\/figcaption><\/figure><div class=\"fg-loader\"><\/div><\/div><div class=\"fg-item fg-type-image fg-idle\"><figure class=\"fg-item-inner\"><a href=\"https:\/\/www.elbenwald.de\/Festival\/wp-content\/uploads\/EWF23_Tim_Gross_Sonntag_29.jpg\" data-caption-desc=\"Foto: Elbenwald GmbH\" data-attachment-id=\"7177\" data-type=\"image\" class=\"fg-thumb\"><span class=\"fg-image-wrap\"><img decoding=\"async\" width=\"300\" height=\"375\" class=\"skip-lazy fg-image\" data-src-fg=\"https:\/\/www.elbenwald.de\/Festival\/wp-content\/uploads\/cache\/EWF23_Tim_Gross_Sonntag_29\/51880893.jpg\" src=\"data:image\/svg+xml,%3Csvg%20xmlns%3D%22http%3A%2F%2Fwww.w3.org%2F2000%2Fsvg%22%20width%3D%22300%22%20height%3D%22375%22%20viewBox%3D%220%200%20300%20375%22%3E%3C%2Fsvg%3E\" loading=\"eager\"><\/span><span class=\"fg-image-overlay\"><\/span><\/a><figcaption class=\"fg-caption\"><div class=\"fg-caption-inner\"><div class=\"fg-caption-desc\">Foto: Elbenwald GmbH<\/div><\/div><\/figcaption><\/figure><div class=\"fg-loader\"><\/div><\/div><div class=\"fg-item fg-type-image fg-idle\"><figure class=\"fg-item-inner\"><a href=\"https:\/\/www.elbenwald.de\/Festival\/wp-content\/uploads\/EWF23_Tim_Gross_Sonntag_28.jpg\" data-caption-desc=\"Foto: Elbenwald GmbH\" data-attachment-id=\"7176\" data-type=\"image\" class=\"fg-thumb\"><span class=\"fg-image-wrap\"><img decoding=\"async\" width=\"300\" height=\"375\" class=\"skip-lazy fg-image\" data-src-fg=\"https:\/\/www.elbenwald.de\/Festival\/wp-content\/uploads\/cache\/EWF23_Tim_Gross_Sonntag_28\/3661469146.jpg\" src=\"data:image\/svg+xml,%3Csvg%20xmlns%3D%22http%3A%2F%2Fwww.w3.org%2F2000%2Fsvg%22%20width%3D%22300%22%20height%3D%22375%22%20viewBox%3D%220%200%20300%20375%22%3E%3C%2Fsvg%3E\" loading=\"eager\"><\/span><span class=\"fg-image-overlay\"><\/span><\/a><figcaption class=\"fg-caption\"><div class=\"fg-caption-inner\"><div class=\"fg-caption-desc\">Foto: Elbenwald GmbH<\/div><\/div><\/figcaption><\/figure><div class=\"fg-loader\"><\/div><\/div><div class=\"fg-item fg-type-image fg-idle\"><figure class=\"fg-item-inner\"><a href=\"https:\/\/www.elbenwald.de\/Festival\/wp-content\/uploads\/EWF23_Tim_Gross_Sonntag_5-1.jpg\" data-caption-desc=\"Foto: Elbenwald GmbH\" data-attachment-id=\"7149\" data-type=\"image\" class=\"fg-thumb\"><span class=\"fg-image-wrap\"><img decoding=\"async\" width=\"300\" height=\"375\" class=\"skip-lazy fg-image\" data-src-fg=\"https:\/\/www.elbenwald.de\/Festival\/wp-content\/uploads\/cache\/EWF23_Tim_Gross_Sonntag_5-1\/3640477184.jpg\" src=\"data:image\/svg+xml,%3Csvg%20xmlns%3D%22http%3A%2F%2Fwww.w3.org%2F2000%2Fsvg%22%20width%3D%22300%22%20height%3D%22375%22%20viewBox%3D%220%200%20300%20375%22%3E%3C%2Fsvg%3E\" loading=\"eager\"><\/span><span class=\"fg-image-overlay\"><\/span><\/a><figcaption class=\"fg-caption\"><div class=\"fg-caption-inner\"><div class=\"fg-caption-desc\">Foto: Elbenwald GmbH<\/div><\/div><\/figcaption><\/figure><div class=\"fg-loader\"><\/div><\/div><div class=\"fg-item fg-type-image fg-idle\"><figure class=\"fg-item-inner\"><a href=\"https:\/\/www.elbenwald.de\/Festival\/wp-content\/uploads\/EWF23_Tim_Gross_Sonntag_24.jpg\" data-caption-desc=\"Foto: Elbenwald GmbH\" data-attachment-id=\"7147\" data-type=\"image\" class=\"fg-thumb\"><span class=\"fg-image-wrap\"><img decoding=\"async\" width=\"300\" height=\"375\" class=\"skip-lazy fg-image\" data-src-fg=\"https:\/\/www.elbenwald.de\/Festival\/wp-content\/uploads\/cache\/EWF23_Tim_Gross_Sonntag_24\/268365759.jpg\" src=\"data:image\/svg+xml,%3Csvg%20xmlns%3D%22http%3A%2F%2Fwww.w3.org%2F2000%2Fsvg%22%20width%3D%22300%22%20height%3D%22375%22%20viewBox%3D%220%200%20300%20375%22%3E%3C%2Fsvg%3E\" loading=\"eager\"><\/span><span class=\"fg-image-overlay\"><\/span><\/a><figcaption class=\"fg-caption\"><div class=\"fg-caption-inner\"><div class=\"fg-caption-desc\">Foto: Elbenwald GmbH<\/div><\/div><\/figcaption><\/figure><div class=\"fg-loader\"><\/div><\/div><div class=\"fg-item fg-type-image fg-idle\"><figure class=\"fg-item-inner\"><a href=\"https:\/\/www.elbenwald.de\/Festival\/wp-content\/uploads\/EWF23_Tim_Gross_Sonntag_18.jpg\" data-caption-desc=\"Foto: Elbenwald GmbH\" data-attachment-id=\"7144\" data-type=\"image\" class=\"fg-thumb\"><span class=\"fg-image-wrap\"><img decoding=\"async\" width=\"300\" height=\"240\" class=\"skip-lazy fg-image\" data-src-fg=\"https:\/\/www.elbenwald.de\/Festival\/wp-content\/uploads\/cache\/EWF23_Tim_Gross_Sonntag_18\/1599905086.jpg\" src=\"data:image\/svg+xml,%3Csvg%20xmlns%3D%22http%3A%2F%2Fwww.w3.org%2F2000%2Fsvg%22%20width%3D%22300%22%20height%3D%22240%22%20viewBox%3D%220%200%20300%20240%22%3E%3C%2Fsvg%3E\" loading=\"eager\"><\/span><span class=\"fg-image-overlay\"><\/span><\/a><figcaption class=\"fg-caption\"><div class=\"fg-caption-inner\"><div class=\"fg-caption-desc\">Foto: Elbenwald GmbH<\/div><\/div><\/figcaption><\/figure><div class=\"fg-loader\"><\/div><\/div><div class=\"fg-item fg-type-image fg-idle\"><figure class=\"fg-item-inner\"><a href=\"https:\/\/www.elbenwald.de\/Festival\/wp-content\/uploads\/EWF23_Tim_Gross_Sonntag_20.jpg\" data-caption-desc=\"Foto: Elbenwald GmbH\" data-attachment-id=\"7145\" data-type=\"image\" class=\"fg-thumb\"><span class=\"fg-image-wrap\"><img decoding=\"async\" width=\"300\" height=\"375\" class=\"skip-lazy fg-image\" data-src-fg=\"https:\/\/www.elbenwald.de\/Festival\/wp-content\/uploads\/cache\/EWF23_Tim_Gross_Sonntag_20\/2696187063.jpg\" src=\"data:image\/svg+xml,%3Csvg%20xmlns%3D%22http%3A%2F%2Fwww.w3.org%2F2000%2Fsvg%22%20width%3D%22300%22%20height%3D%22375%22%20viewBox%3D%220%200%20300%20375%22%3E%3C%2Fsvg%3E\" loading=\"eager\"><\/span><span class=\"fg-image-overlay\"><\/span><\/a><figcaption class=\"fg-caption\"><div class=\"fg-caption-inner\"><div class=\"fg-caption-desc\">Foto: Elbenwald GmbH<\/div><\/div><\/figcaption><\/figure><div class=\"fg-loader\"><\/div><\/div><div class=\"fg-item fg-type-image fg-idle\"><figure class=\"fg-item-inner\"><a href=\"https:\/\/www.elbenwald.de\/Festival\/wp-content\/uploads\/EWF23_Tim_Gross_Sonntag_8.jpg\" data-caption-desc=\"Foto: Elbenwald GmbH\" data-attachment-id=\"7135\" data-type=\"image\" class=\"fg-thumb\"><span class=\"fg-image-wrap\"><img decoding=\"async\" width=\"300\" height=\"375\" class=\"skip-lazy fg-image\" data-src-fg=\"https:\/\/www.elbenwald.de\/Festival\/wp-content\/uploads\/cache\/EWF23_Tim_Gross_Sonntag_8\/1648097011.jpg\" src=\"data:image\/svg+xml,%3Csvg%20xmlns%3D%22http%3A%2F%2Fwww.w3.org%2F2000%2Fsvg%22%20width%3D%22300%22%20height%3D%22375%22%20viewBox%3D%220%200%20300%20375%22%3E%3C%2Fsvg%3E\" loading=\"eager\"><\/span><span class=\"fg-image-overlay\"><\/span><\/a><figcaption class=\"fg-caption\"><div class=\"fg-caption-inner\"><div class=\"fg-caption-desc\">Foto: Elbenwald GmbH<\/div><\/div><\/figcaption><\/figure><div class=\"fg-loader\"><\/div><\/div><div class=\"fg-item fg-type-image fg-idle\"><figure class=\"fg-item-inner\"><a href=\"https:\/\/www.elbenwald.de\/Festival\/wp-content\/uploads\/EWF23_Tim_Gross_Sonntag_3.jpg\" data-caption-desc=\"Foto: Elbenwald GmbH\" data-attachment-id=\"7132\" data-type=\"image\" class=\"fg-thumb\"><span class=\"fg-image-wrap\"><img decoding=\"async\" width=\"300\" height=\"375\" class=\"skip-lazy fg-image\" data-src-fg=\"https:\/\/www.elbenwald.de\/Festival\/wp-content\/uploads\/cache\/EWF23_Tim_Gross_Sonntag_3\/1650654583.jpg\" src=\"data:image\/svg+xml,%3Csvg%20xmlns%3D%22http%3A%2F%2Fwww.w3.org%2F2000%2Fsvg%22%20width%3D%22300%22%20height%3D%22375%22%20viewBox%3D%220%200%20300%20375%22%3E%3C%2Fsvg%3E\" loading=\"eager\"><\/span><span class=\"fg-image-overlay\"><\/span><\/a><figcaption class=\"fg-caption\"><div class=\"fg-caption-inner\"><div class=\"fg-caption-desc\">Foto: Elbenwald GmbH<\/div><\/div><\/figcaption><\/figure><div class=\"fg-loader\"><\/div><\/div><div class=\"fg-item fg-type-image fg-idle\"><figure class=\"fg-item-inner\"><a href=\"https:\/\/www.elbenwald.de\/Festival\/wp-content\/uploads\/EWF23_Tim_Gross_Sonntag_1.jpg\" data-caption-desc=\"Foto: Elbenwald GmbH\" data-attachment-id=\"7131\" data-type=\"image\" class=\"fg-thumb\"><span class=\"fg-image-wrap\"><img decoding=\"async\" width=\"300\" height=\"375\" class=\"skip-lazy fg-image\" data-src-fg=\"https:\/\/www.elbenwald.de\/Festival\/wp-content\/uploads\/cache\/EWF23_Tim_Gross_Sonntag_1\/3463129837.jpg\" src=\"data:image\/svg+xml,%3Csvg%20xmlns%3D%22http%3A%2F%2Fwww.w3.org%2F2000%2Fsvg%22%20width%3D%22300%22%20height%3D%22375%22%20viewBox%3D%220%200%20300%20375%22%3E%3C%2Fsvg%3E\" loading=\"eager\"><\/span><span class=\"fg-image-overlay\"><\/span><\/a><figcaption class=\"fg-caption\"><div class=\"fg-caption-inner\"><div class=\"fg-caption-desc\">Foto: Elbenwald GmbH<\/div><\/div><\/figcaption><\/figure><div class=\"fg-loader\"><\/div><\/div><div class=\"fg-item fg-type-image fg-idle\"><figure class=\"fg-item-inner\"><a href=\"https:\/\/www.elbenwald.de\/Festival\/wp-content\/uploads\/EWF23_Samstag_Cosplay_Contest_GinaWetzler__W1_2931.jpg\" data-caption-title=\"Cosplay Contest\" data-caption-desc=\"Foto: Gina Wetzler\" data-attachment-id=\"7113\" data-type=\"image\" class=\"fg-thumb\"><span class=\"fg-image-wrap\"><img decoding=\"async\" title=\"Cosplay Contest\" width=\"300\" height=\"200\" class=\"skip-lazy fg-image\" data-src-fg=\"https:\/\/www.elbenwald.de\/Festival\/wp-content\/uploads\/cache\/EWF23_Samstag_Cosplay_Contest_GinaWetzler__W1_2931\/583295259.jpg\" src=\"data:image\/svg+xml,%3Csvg%20xmlns%3D%22http%3A%2F%2Fwww.w3.org%2F2000%2Fsvg%22%20width%3D%22300%22%20height%3D%22200%22%20viewBox%3D%220%200%20300%20200%22%3E%3C%2Fsvg%3E\" loading=\"eager\"><\/span><span class=\"fg-image-overlay\"><\/span><\/a><figcaption class=\"fg-caption\"><div class=\"fg-caption-inner\"><div class=\"fg-caption-title\">Cosplay Contest<\/div><div class=\"fg-caption-desc\">Foto: Gina Wetzler<\/div><\/div><\/figcaption><\/figure><div class=\"fg-loader\"><\/div><\/div><div class=\"fg-item fg-type-image fg-idle\"><figure class=\"fg-item-inner\"><a href=\"https:\/\/www.elbenwald.de\/Festival\/wp-content\/uploads\/EWF23_Samstag_Cosplay_Contest_GinaWetzler__W1_2943.jpg\" data-caption-title=\"Cosplay Contest\" data-caption-desc=\"Foto: Gina Wetzler\" data-attachment-id=\"7115\" data-type=\"image\" class=\"fg-thumb\"><span class=\"fg-image-wrap\"><img decoding=\"async\" title=\"Cosplay Contest\" width=\"300\" height=\"200\" class=\"skip-lazy fg-image\" data-src-fg=\"https:\/\/www.elbenwald.de\/Festival\/wp-content\/uploads\/cache\/EWF23_Samstag_Cosplay_Contest_GinaWetzler__W1_2943\/2919438490.jpg\" src=\"data:image\/svg+xml,%3Csvg%20xmlns%3D%22http%3A%2F%2Fwww.w3.org%2F2000%2Fsvg%22%20width%3D%22300%22%20height%3D%22200%22%20viewBox%3D%220%200%20300%20200%22%3E%3C%2Fsvg%3E\" loading=\"eager\"><\/span><span class=\"fg-image-overlay\"><\/span><\/a><figcaption class=\"fg-caption\"><div class=\"fg-caption-inner\"><div class=\"fg-caption-title\">Cosplay Contest<\/div><div class=\"fg-caption-desc\">Foto: Gina Wetzler<\/div><\/div><\/figcaption><\/figure><div class=\"fg-loader\"><\/div><\/div><div class=\"fg-item fg-type-image fg-idle\"><figure class=\"fg-item-inner\"><a href=\"https:\/\/www.elbenwald.de\/Festival\/wp-content\/uploads\/EWF23_Samstag_Cosplay_Contest_GinaWetzler_GW2_3522.jpg\" data-caption-title=\"Cosplay Contest\" data-caption-desc=\"Foto: Gina Wetzler\" data-attachment-id=\"7118\" data-type=\"image\" class=\"fg-thumb\"><span class=\"fg-image-wrap\"><img decoding=\"async\" title=\"Cosplay Contest\" width=\"300\" height=\"200\" class=\"skip-lazy fg-image\" data-src-fg=\"https:\/\/www.elbenwald.de\/Festival\/wp-content\/uploads\/cache\/EWF23_Samstag_Cosplay_Contest_GinaWetzler_GW2_3522\/2899360324.jpg\" src=\"data:image\/svg+xml,%3Csvg%20xmlns%3D%22http%3A%2F%2Fwww.w3.org%2F2000%2Fsvg%22%20width%3D%22300%22%20height%3D%22200%22%20viewBox%3D%220%200%20300%20200%22%3E%3C%2Fsvg%3E\" loading=\"eager\"><\/span><span class=\"fg-image-overlay\"><\/span><\/a><figcaption class=\"fg-caption\"><div class=\"fg-caption-inner\"><div class=\"fg-caption-title\">Cosplay Contest<\/div><div class=\"fg-caption-desc\">Foto: Gina Wetzler<\/div><\/div><\/figcaption><\/figure><div class=\"fg-loader\"><\/div><\/div><\/div>\n","protected":false},"excerpt":{"rendered":"<p>Cosplays sind jedes Jahr ein, vielleicht sogar das Highlights des Elbenwald Festivals. Und weil das so ist, darf auch ein gro\u00dfer Cosplay Contest nicht fehlen!<\/p>\n","protected":false},"author":4,"featured_media":9996,"parent":30,"menu_order":3600,"comment_status":"closed","ping_status":"closed","template":"templates\/grid-page.php","meta":{"inline_featured_image":false,"footnotes":""},"class_list":["post-3986","page","type-page","status-publish","has-post-thumbnail","hentry"],"aioseo_notices":[],"_links":{"self":[{"href":"https:\/\/www.elbenwald.de\/Festival\/wp-json\/wp\/v2\/pages\/3986","targetHints":{"allow":["GET"]}}],"collection":[{"href":"https:\/\/www.elbenwald.de\/Festival\/wp-json\/wp\/v2\/pages"}],"about":[{"href":"https:\/\/www.elbenwald.de\/Festival\/wp-json\/wp\/v2\/types\/page"}],"author":[{"embeddable":true,"href":"https:\/\/www.elbenwald.de\/Festival\/wp-json\/wp\/v2\/users\/4"}],"replies":[{"embeddable":true,"href":"https:\/\/www.elbenwald.de\/Festival\/wp-json\/wp\/v2\/comments?post=3986"}],"version-history":[{"count":40,"href":"https:\/\/www.elbenwald.de\/Festival\/wp-json\/wp\/v2\/pages\/3986\/revisions"}],"predecessor-version":[{"id":10041,"href":"https:\/\/www.elbenwald.de\/Festival\/wp-json\/wp\/v2\/pages\/3986\/revisions\/10041"}],"up":[{"embeddable":true,"href":"https:\/\/www.elbenwald.de\/Festival\/wp-json\/wp\/v2\/pages\/30"}],"wp:featuredmedia":[{"embeddable":true,"href":"https:\/\/www.elbenwald.de\/Festival\/wp-json\/wp\/v2\/media\/9996"}],"wp:attachment":[{"href":"https:\/\/www.elbenwald.de\/Festival\/wp-json\/wp\/v2\/media?parent=3986"}],"curies":[{"name":"wp","href":"https:\/\/api.w.org\/{rel}","templated":true}]}}